{"id":39,"date":"2020-10-10T21:30:15","date_gmt":"2020-10-10T21:30:15","guid":{"rendered":"http:\/\/susannamalinowsky.at\/?page_id=39"},"modified":"2020-10-23T18:52:27","modified_gmt":"2020-10-23T18:52:27","slug":"ueber-mich","status":"publish","type":"page","link":"http:\/\/susannamalinowsky.at\/?page_id=39","title":{"rendered":"\u00dcber Mich"},"content":{"rendered":"\n<div class=\"wp-block-image\"><figure class=\"alignright size-large is-resized\"><img loading=\"lazy\" src=\"http:\/\/susannamalinowsky.at\/wp-content\/uploads\/2020\/10\/DSC06497-Copy-Copy.jpg\" alt=\"\" class=\"wp-image-437\" width=\"228\" height=\"319\" srcset=\"http:\/\/susannamalinowsky.at\/wp-content\/uploads\/2020\/10\/DSC06497-Copy-Copy.jpg 343w, http:\/\/susannamalinowsky.at\/wp-content\/uploads\/2020\/10\/DSC06497-Copy-Copy-214x300.jpg 214w, http:\/\/susannamalinowsky.at\/wp-content\/uploads\/2020\/10\/DSC06497-Copy-Copy-9x12.jpg 9w, http:\/\/susannamalinowsky.at\/wp-content\/uploads\/2020\/10\/DSC06497-Copy-Copy-43x60.jpg 43w\" sizes=\"(max-width: 228px) 100vw, 228px\" \/><\/figure><\/div>\n\n\n\n<h2>Susanna Malinowsky,&nbsp;<\/h2>\n\n\n\n<p>geb.22.07.1963&nbsp;&nbsp;&nbsp;&nbsp;&nbsp;&nbsp;&nbsp;&nbsp;&nbsp;&nbsp;&nbsp;&nbsp;&nbsp;&nbsp;&nbsp;&nbsp;&nbsp;&nbsp;&nbsp;&nbsp;&nbsp;&nbsp;&nbsp;&nbsp;&nbsp;&nbsp;&nbsp;&nbsp;&nbsp;&nbsp;&nbsp;&nbsp;&nbsp;&nbsp;&nbsp;&nbsp;&nbsp;&nbsp;&nbsp;&nbsp;&nbsp;&nbsp;&nbsp;&nbsp;&nbsp;&nbsp;&nbsp;&nbsp;&nbsp;&nbsp;&nbsp;&nbsp;&nbsp;&nbsp;&nbsp;&nbsp;&nbsp;&nbsp;&nbsp;&nbsp;&nbsp;&nbsp;<\/p>\n\n\n\n<p>Ich wohne in einem kleinen&nbsp; gem\u00fctlichen Ort im Dunkelsteinerwald in Nieder\u00f6sterreich. In meiner Freizeit gehe ich gerne spazieren, ich reise gerne, lese viel und h\u00f6re gerne Musik, die mich bei meiner Lieblingsbesch\u00e4ftigung immer begleitet&nbsp; \u2013 <strong>dem Malen<\/strong>.<\/p>\n\n\n\n<p>Ich arbeite am liebsten mit kr\u00e4ftigen Acrylfarben, manchmal &nbsp;verwende ich auch Kreide und Bleistift. Realismus und Surrealismus sind meine Stilrichtungen. Ich habe so viele Motive im Kopf und auf Urlaubsfotos, die ich alle auf Leinw\u00e4nde bringen m\u00f6chte. &nbsp;Manchmal w\u00fcnsche ich mir nur ein bisschen mehr Zeit. Ich lasse mich gerne inspirieren und freue mich \u00fcber Tipps und Ratschl\u00e4ge, sowie hilfreiche Kritik, was meine Familie besonders gut kann. Ich bin ihr daf\u00fcr sehr dankbar!<\/p>\n\n\n\n<p>Seit 2008 durfte ich an vielen verschiedenen Orten meine Gem\u00e4lde zeigen,<br>national (wie Wien, Krems, St.P\u00f6lten, Rabenstein\u2026), sowie<br>international seit 2012 (Budapest, Paris, Berlin, Mailand, Venedig, New York\u2026.)<\/p>\n\n\n\n<p>Eine Freundin hatte mich damals (2008) zu meiner ersten Ausstellung \u00fcberredet. Sie sah meine Bilder und meinte: \u201eDiese Malereien kannst du nicht einfach zu Hause verstecken. Du machst bei uns eine Ausstellung anl\u00e4sslich unserer Jubil\u00e4umsfeier&nbsp; in unserer K\u00fcnstleragentur.\u201c &nbsp;Die Aufregung war gro\u00df, aber auch der Erfolg. Ab da &nbsp;stellte ich dann regelm\u00e4\u00dfig aus. Ich freue mich dar\u00fcber, wieviel ich seit damals, sowohl auf k\u00fcnstlerischer Seite, als auch in Bezug auf Ausstellungen, gelernt habe und noch lernen werde.<\/p>\n\n\n\n<p>Oft werde ich gefragt, welche K\u00fcnstler mich inspirieren. Ich w\u00e4re nat\u00fcrlich gerne so ber\u00fchmt wie Hundertwasser, Monet, Klimt und viele mehr. Ich liebe viele ihrer Bilder.<\/p>\n\n\n\n<p>Aber ich freue mich nat\u00fcrlich, wenn meine Art zu malen gesch\u00e4tzt wird.<\/p>\n\n\n\n<p>Ich danke f\u00fcr ihre\/deine Aufmerksamkeit,<\/p>\n\n\n\n<p>Susanna Malinowsky<\/p>\n","protected":false},"excerpt":{"rendered":"<p>Susanna Malinowsky,&nbsp; geb.22.07.1963&nbsp;&nbsp;&nbsp;&nbsp;&nbsp;&nbsp;&nbsp;&nbsp;&nbsp;&nbsp;&nbsp;&nbsp;&nbsp;&nbsp;&nbsp;&nbsp;&nbsp;&nbsp;&nbsp;&nbsp;&nbsp;&nbsp;&nbsp;&nbsp;&nbsp;&nbsp;&nbsp;&nbsp;&nbsp;&nbsp;&nbsp;&nbsp;&nbsp;&nbsp;&nbsp;&nbsp;&nbsp;&nbsp;&nbsp;&nbsp;&nbsp;&nbsp;&nbsp;&nbsp;&nbsp;&nbsp;&nbsp;&nbsp;&nbsp;&nbsp;&nbsp;&nbsp;&nbsp;&nbsp;&nbsp;&nbsp;&nbsp;&nbsp;&nbsp;&nbsp;&nbsp;&nbsp; Ich wohne in einem kleinen&nbsp; gem\u00fctlichen Ort im Dunkelsteinerwald in Nieder\u00f6sterreich. In meiner Freizeit gehe ich gerne spazieren, ich reise gerne, lese viel und h\u00f6re gerne Musik, die mich bei meiner Lieblingsbesch\u00e4ftigung immer begleitet&nbsp; \u2013 dem Malen. Ich arbeite am liebsten mit kr\u00e4ftigen Acrylfarben, manchmal &nbsp;verwende ich auch Kreide und Bleistift. Realismus &hellip; <\/p>\n","protected":false},"author":1,"featured_media":0,"parent":0,"menu_order":0,"comment_status":"closed","ping_status":"closed","template":"","meta":[],"_links":{"self":[{"href":"http:\/\/susannamalinowsky.at\/index.php?rest_route=\/wp\/v2\/pages\/39"}],"collection":[{"href":"http:\/\/susannamalinowsky.at\/index.php?rest_route=\/wp\/v2\/pages"}],"about":[{"href":"http:\/\/susannamalinowsky.at\/index.php?rest_route=\/wp\/v2\/types\/page"}],"author":[{"embeddable":true,"href":"http:\/\/susannamalinowsky.at\/index.php?rest_route=\/wp\/v2\/users\/1"}],"replies":[{"embeddable":true,"href":"http:\/\/susannamalinowsky.at\/index.php?rest_route=%2Fwp%2Fv2%2Fcomments&post=39"}],"version-history":[{"count":8,"href":"http:\/\/susannamalinowsky.at\/index.php?rest_route=\/wp\/v2\/pages\/39\/revisions"}],"predecessor-version":[{"id":491,"href":"http:\/\/susannamalinowsky.at\/index.php?rest_route=\/wp\/v2\/pages\/39\/revisions\/491"}],"wp:attachment":[{"href":"http:\/\/susannamalinowsky.at\/index.php?rest_route=%2Fwp%2Fv2%2Fmedia&parent=39"}],"curies":[{"name":"wp","href":"https:\/\/api.w.org\/{rel}","templated":true}]}}