{"id":41,"date":"2020-10-10T19:32:37","date_gmt":"2020-10-10T19:32:37","guid":{"rendered":"http:\/\/susannamalinowsky.at\/?page_id=41"},"modified":"2026-03-30T16:14:52","modified_gmt":"2026-03-30T16:14:52","slug":"ausstellungen","status":"publish","type":"page","link":"http:\/\/susannamalinowsky.at\/?page_id=41","title":{"rendered":"Ausstellungen"},"content":{"rendered":"\n<h2><strong>2026<\/strong><\/h2>\n\n\n\n<p><strong>Gallerie PUBLICARTISTS<\/strong> Mahlerstra\u00dfe 11 Ausstellung Thema RED Februar 2026 mit Dailysage am 7.2. mit sehr vielen und lieben Besuchern.<\/p>\n\n\n\n<h2><strong>2025<\/strong><\/h2>\n\n\n\n<p>K&amp;K Restaurant in St.P\u00f6lten, Ausstellung einiger Drucke im gem\u00fctlichen Lokal, Dez. 25 und J\u00e4nner 26<\/p>\n\n\n\n<p>&#8222;Adventkl\u00e4nge&#8220; Musikverein Mauer, gem\u00fctlicher Nov.2025 <\/p>\n\n\n\n<p>Tage der Kunst: 2.August 2025 18:00 Vernissage Schloss Albrechtsberg an der Pielach<\/p>\n\n\n\n<p>Samstag 18.Oktober 2025 13:00-24:00 Tage des offenen Ateliers<\/p>\n\n\n\n<h2>2024<\/h2>\n\n\n\n<p><strong><a href=\"https:\/\/www.gallery-steiner.com\/\">Gallery Steiner<\/a><\/strong> Kurrentgasse 4, 1010 Wien, Ausstellung von 1.-27. Juli 2024<\/p>\n\n\n\n<p>23. und 24. November Gemeinde Dunkelsteinerwald 3392 Mauer bei Melk Ausstellung und Adventkl\u00e4nge des Musikvereins Mauer. Danke an Herrn Stockinger f\u00fcr die Einladung.<\/p>\n\n\n\n<h2>2023<\/h2>\n\n\n\n<p>Er\u00f6ffnung Messerschmiedewerkstatt Joaquin Prinz in Loosdorf Wachaustra\u00dfe 24, danke f\u00fcr die M\u00f6glichkeit einige meiner Malereien parallel dazu zu pr\u00e4sentieren.<\/p>\n\n\n\n<h2>2022<\/h2>\n\n\n\n<p><strong>Barcelona<\/strong>: FIABCN 2022  4.und 5.11.2022 Museo Maritim<\/p>\n\n\n\n<h2><strong>2021<\/strong><\/h2>\n\n\n\n<p><strong>Z\u00fcrich:<\/strong> Artbox.Project Z\u00fcrich 3.0 &#8211; hier sind meine Zertifikate und die ausgestellten Bilder:<\/p>\n\n\n\n<p><code><code><div id=\"envira-gallery-wrap-677\" class=\"envira-gallery-wrap envira-gallery-theme-base envira-lightbox-theme-base\" itemscope itemtype=\"https:\/\/schema.org\/ImageGallery\"><div data-row-height=\"150\" data-gallery-theme=\"normal\" id=\"envira-gallery-677\" class=\"envira-gallery-public envira-gallery-justified-public envira-gallery-0-columns envira-clear enviratope envira-gallery-css-animations\" data-envira-columns=\"0\"><div id=\"envira-gallery-item-678\" class=\"envira-gallery-item enviratope-item envira-gallery-item-1 envira-lazy-load\" style=\"padding-left: 5px; padding-bottom: 10px; padding-right: 5px;\"  itemscope itemtype=\"https:\/\/schema.org\/ImageObject\"><div class=\"envira-gallery-item-inner\"><div class=\"envira-gallery-position-overlay  envira-gallery-top-left\"><\/div><div class=\"envira-gallery-position-overlay  envira-gallery-top-right\"><\/div><div class=\"envira-gallery-position-overlay  envira-gallery-bottom-left\"><\/div><div class=\"envira-gallery-position-overlay  envira-gallery-bottom-right\"><\/div><a href=\"http:\/\/susannamalinowsky.at\/wp-content\/uploads\/2021\/08\/Malinowsky-Susanna-O\u0308sterreich-Susanna-Malinowsky-Coronawalk-412-0Instagram.jpeg\" class=\"envira-gallery-677 envira-gallery-link\" rel=\"enviragallery677\" title=\"Coronawalk Artbox Project\" data-envira-caption=\"Coronawalk Artbox Project\" data-envira-retina=\"\" data-thumbnail=\"\"  itemprop=\"contentUrl\"><img id=\"envira-gallery-image-678\" class=\"envira-gallery-image envira-gallery-image-1 envira-normal envira-lazy\" data-envira-index=\"1\" src=\"http:\/\/susannamalinowsky.at\/wp-content\/uploads\/2021\/08\/Malinowsky-Susanna-O\u0308sterreich-Susanna-Malinowsky-Coronawalk-412-0Instagram-640x480.jpeg\" data-envira-src=\"http:\/\/susannamalinowsky.at\/wp-content\/uploads\/2021\/08\/Malinowsky-Susanna-O\u0308sterreich-Susanna-Malinowsky-Coronawalk-412-0Instagram-640x480.jpeg\" data-envira-gallery-id=\"677\" data-envira-item-id=\"678\" data-envira-caption=\"Coronawalk Artbox Project\" alt=\"Malinowsky-Susanna-O\u0308sterreich-Coronawalk\" title=\"Coronawalk Artbox Project\"  itemprop=\"thumbnailUrl\" data-envira-srcset=\"http:\/\/susannamalinowsky.at\/wp-content\/uploads\/2021\/08\/Malinowsky-Susanna-O\u0308sterreich-Susanna-Malinowsky-Coronawalk-412-0Instagram-640x480.jpeg 400w,http:\/\/susannamalinowsky.at\/wp-content\/uploads\/2021\/08\/Malinowsky-Susanna-O\u0308sterreich-Susanna-Malinowsky-Coronawalk-412-0Instagram-640x480.jpeg 2x\" data-envira-width=\"300\" data-envira-height=\"300\" srcset=\"data:image\/gif;base64,R0lGODlhAQABAIAAAP\/\/\/\/\/\/\/yH5BAEKAAEALAAAAAABAAEAAAICTAEAOw==\" data-safe-src=\"data:image\/gif;base64,R0lGODlhAQABAIAAAP\/\/\/\/\/\/\/yH5BAEKAAEALAAAAAABAAEAAAICTAEAOw==\" \/><\/a><\/div><\/div><div id=\"envira-gallery-item-688\" class=\"envira-gallery-item enviratope-item envira-gallery-item-2 envira-lazy-load\" style=\"padding-left: 5px; padding-bottom: 10px; padding-right: 5px;\"  itemscope itemtype=\"https:\/\/schema.org\/ImageObject\"><div class=\"envira-gallery-item-inner\"><div class=\"envira-gallery-position-overlay  envira-gallery-top-left\"><\/div><div class=\"envira-gallery-position-overlay  envira-gallery-top-right\"><\/div><div class=\"envira-gallery-position-overlay  envira-gallery-bottom-left\"><\/div><div class=\"envira-gallery-position-overlay  envira-gallery-bottom-right\"><\/div><a href=\"http:\/\/susannamalinowsky.at\/wp-content\/uploads\/2021\/08\/Coronawalk_Zertifikat.jpg\" class=\"envira-gallery-677 envira-gallery-link\" rel=\"enviragallery677\" title=\"Zertifikat: Coronawalk - Artbox Project\" data-envira-caption=\"Zertifikat: Coronawalk - Artbox Project\" data-envira-retina=\"\" data-thumbnail=\"\"  itemprop=\"contentUrl\"><img id=\"envira-gallery-image-688\" class=\"envira-gallery-image envira-gallery-image-2 envira-normal envira-lazy\" data-envira-index=\"2\" src=\"http:\/\/susannamalinowsky.at\/wp-content\/uploads\/2021\/08\/Coronawalk_Zertifikat-1024x723-640x480.jpg\" data-envira-src=\"http:\/\/susannamalinowsky.at\/wp-content\/uploads\/2021\/08\/Coronawalk_Zertifikat-1024x723-640x480.jpg\" data-envira-gallery-id=\"677\" data-envira-item-id=\"688\" data-envira-caption=\"Zertifikat: Coronawalk - Artbox Project\" alt=\"Zertifikat: Coronawalk - Artbox Project\" title=\"Zertifikat: Coronawalk - Artbox Project\"  itemprop=\"thumbnailUrl\" data-envira-srcset=\"http:\/\/susannamalinowsky.at\/wp-content\/uploads\/2021\/08\/Coronawalk_Zertifikat-1024x723-640x480.jpg 400w,http:\/\/susannamalinowsky.at\/wp-content\/uploads\/2021\/08\/Coronawalk_Zertifikat-1024x723-640x480.jpg 2x\" data-envira-width=\"300\" data-envira-height=\"212\" srcset=\"data:image\/gif;base64,R0lGODlhAQABAIAAAP\/\/\/\/\/\/\/yH5BAEKAAEALAAAAAABAAEAAAICTAEAOw==\" data-safe-src=\"data:image\/gif;base64,R0lGODlhAQABAIAAAP\/\/\/\/\/\/\/yH5BAEKAAEALAAAAAABAAEAAAICTAEAOw==\" \/><\/a><\/div><\/div><div id=\"envira-gallery-item-679\" class=\"envira-gallery-item enviratope-item envira-gallery-item-3 envira-lazy-load\" style=\"padding-left: 5px; padding-bottom: 10px; padding-right: 5px;\"  itemscope itemtype=\"https:\/\/schema.org\/ImageObject\"><div class=\"envira-gallery-item-inner\"><div class=\"envira-gallery-position-overlay  envira-gallery-top-left\"><\/div><div class=\"envira-gallery-position-overlay  envira-gallery-top-right\"><\/div><div class=\"envira-gallery-position-overlay  envira-gallery-bottom-left\"><\/div><div class=\"envira-gallery-position-overlay  envira-gallery-bottom-right\"><\/div><a href=\"http:\/\/susannamalinowsky.at\/wp-content\/uploads\/2021\/08\/Malinowsky-Susanna-O\u0308sterreich-Susanna-Malinowsky-Wonderful-Dream-412-0Instagram.jpeg\" class=\"envira-gallery-677 envira-gallery-link\" rel=\"enviragallery677\" title=\"Wonderful Dream - Artbox Project\" data-envira-caption=\"Wonderful Dream - Artbox Project\" data-envira-retina=\"\" data-thumbnail=\"\"  itemprop=\"contentUrl\"><img id=\"envira-gallery-image-679\" class=\"envira-gallery-image envira-gallery-image-3 envira-normal envira-lazy\" data-envira-index=\"3\" src=\"http:\/\/susannamalinowsky.at\/wp-content\/uploads\/2021\/08\/Malinowsky-Susanna-O\u0308sterreich-Susanna-Malinowsky-Wonderful-Dream-412-0Instagram-640x480.jpeg\" data-envira-src=\"http:\/\/susannamalinowsky.at\/wp-content\/uploads\/2021\/08\/Malinowsky-Susanna-O\u0308sterreich-Susanna-Malinowsky-Wonderful-Dream-412-0Instagram-640x480.jpeg\" data-envira-gallery-id=\"677\" data-envira-item-id=\"679\" data-envira-caption=\"Wonderful Dream - Artbox Project\" alt=\"Malinowsky-Susanna-O\u0308sterreich-Wonderful Dream\" title=\"Wonderful Dream - Artbox Project\"  itemprop=\"thumbnailUrl\" data-envira-srcset=\"http:\/\/susannamalinowsky.at\/wp-content\/uploads\/2021\/08\/Malinowsky-Susanna-O\u0308sterreich-Susanna-Malinowsky-Wonderful-Dream-412-0Instagram-640x480.jpeg 400w,http:\/\/susannamalinowsky.at\/wp-content\/uploads\/2021\/08\/Malinowsky-Susanna-O\u0308sterreich-Susanna-Malinowsky-Wonderful-Dream-412-0Instagram-640x480.jpeg 2x\" data-envira-width=\"300\" data-envira-height=\"300\" srcset=\"data:image\/gif;base64,R0lGODlhAQABAIAAAP\/\/\/\/\/\/\/yH5BAEKAAEALAAAAAABAAEAAAICTAEAOw==\" data-safe-src=\"data:image\/gif;base64,R0lGODlhAQABAIAAAP\/\/\/\/\/\/\/yH5BAEKAAEALAAAAAABAAEAAAICTAEAOw==\" \/><\/a><\/div><\/div><div id=\"envira-gallery-item-687\" class=\"envira-gallery-item enviratope-item envira-gallery-item-4 envira-lazy-load\" style=\"padding-left: 5px; padding-bottom: 10px; padding-right: 5px;\"  itemscope itemtype=\"https:\/\/schema.org\/ImageObject\"><div class=\"envira-gallery-item-inner\"><div class=\"envira-gallery-position-overlay  envira-gallery-top-left\"><\/div><div class=\"envira-gallery-position-overlay  envira-gallery-top-right\"><\/div><div class=\"envira-gallery-position-overlay  envira-gallery-bottom-left\"><\/div><div class=\"envira-gallery-position-overlay  envira-gallery-bottom-right\"><\/div><a href=\"http:\/\/susannamalinowsky.at\/wp-content\/uploads\/2021\/08\/Wonderful-Dream.jpg\" class=\"envira-gallery-677 envira-gallery-link\" rel=\"enviragallery677\" title=\"Zertifikat: Wonderful Dream - Artbox Project\" data-envira-caption=\"Zertifikat: Wonderful Dream - Artbox Project\" data-envira-retina=\"\" data-thumbnail=\"\"  itemprop=\"contentUrl\"><img id=\"envira-gallery-image-687\" class=\"envira-gallery-image envira-gallery-image-4 envira-normal envira-lazy\" data-envira-index=\"4\" src=\"http:\/\/susannamalinowsky.at\/wp-content\/uploads\/2021\/08\/Wonderful-Dream-1024x722-640x480.jpg\" data-envira-src=\"http:\/\/susannamalinowsky.at\/wp-content\/uploads\/2021\/08\/Wonderful-Dream-1024x722-640x480.jpg\" data-envira-gallery-id=\"677\" data-envira-item-id=\"687\" data-envira-caption=\"Zertifikat: Wonderful Dream - Artbox Project\" alt=\"Zertifikat: Wonderful Dream - Artbox Project\" title=\"Zertifikat: Wonderful Dream - Artbox Project\"  itemprop=\"thumbnailUrl\" data-envira-srcset=\"http:\/\/susannamalinowsky.at\/wp-content\/uploads\/2021\/08\/Wonderful-Dream-1024x722-640x480.jpg 400w,http:\/\/susannamalinowsky.at\/wp-content\/uploads\/2021\/08\/Wonderful-Dream-1024x722-640x480.jpg 2x\" data-envira-width=\"300\" data-envira-height=\"212\" srcset=\"data:image\/gif;base64,R0lGODlhAQABAIAAAP\/\/\/\/\/\/\/yH5BAEKAAEALAAAAAABAAEAAAICTAEAOw==\" data-safe-src=\"data:image\/gif;base64,R0lGODlhAQABAIAAAP\/\/\/\/\/\/\/yH5BAEKAAEALAAAAAABAAEAAAICTAEAOw==\" \/><\/a><\/div><\/div><div id=\"envira-gallery-item-680\" class=\"envira-gallery-item enviratope-item envira-gallery-item-5 envira-lazy-load\" style=\"padding-left: 5px; padding-bottom: 10px; padding-right: 5px;\"  itemscope itemtype=\"https:\/\/schema.org\/ImageObject\"><div class=\"envira-gallery-item-inner\"><div class=\"envira-gallery-position-overlay  envira-gallery-top-left\"><\/div><div class=\"envira-gallery-position-overlay  envira-gallery-top-right\"><\/div><div class=\"envira-gallery-position-overlay  envira-gallery-bottom-left\"><\/div><div class=\"envira-gallery-position-overlay  envira-gallery-bottom-right\"><\/div><a href=\"http:\/\/susannamalinowsky.at\/wp-content\/uploads\/2021\/08\/Malinowsky-Susanna-O\u0308sterreich-Susanna-Malinowsky-The-Beauty-412-0Instagram.jpeg\" class=\"envira-gallery-677 envira-gallery-link\" rel=\"enviragallery677\" title=\"The Beauty - Artbox Project\" data-envira-caption=\"The Beauty - Artbox Project\" data-envira-retina=\"\" data-thumbnail=\"\"  itemprop=\"contentUrl\"><img id=\"envira-gallery-image-680\" class=\"envira-gallery-image envira-gallery-image-5 envira-normal envira-lazy\" data-envira-index=\"5\" src=\"http:\/\/susannamalinowsky.at\/wp-content\/uploads\/2021\/08\/Malinowsky-Susanna-O\u0308sterreich-Susanna-Malinowsky-The-Beauty-412-0Instagram-640x480.jpeg\" data-envira-src=\"http:\/\/susannamalinowsky.at\/wp-content\/uploads\/2021\/08\/Malinowsky-Susanna-O\u0308sterreich-Susanna-Malinowsky-The-Beauty-412-0Instagram-640x480.jpeg\" data-envira-gallery-id=\"677\" data-envira-item-id=\"680\" data-envira-caption=\"The Beauty - Artbox Project\" alt=\"Malinowsky-Susanna-O\u0308sterreich-The Beauty\" title=\"The Beauty - Artbox Project\"  itemprop=\"thumbnailUrl\" data-envira-srcset=\"http:\/\/susannamalinowsky.at\/wp-content\/uploads\/2021\/08\/Malinowsky-Susanna-O\u0308sterreich-Susanna-Malinowsky-The-Beauty-412-0Instagram-640x480.jpeg 400w,http:\/\/susannamalinowsky.at\/wp-content\/uploads\/2021\/08\/Malinowsky-Susanna-O\u0308sterreich-Susanna-Malinowsky-The-Beauty-412-0Instagram-640x480.jpeg 2x\" data-envira-width=\"300\" data-envira-height=\"300\" srcset=\"data:image\/gif;base64,R0lGODlhAQABAIAAAP\/\/\/\/\/\/\/yH5BAEKAAEALAAAAAABAAEAAAICTAEAOw==\" data-safe-src=\"data:image\/gif;base64,R0lGODlhAQABAIAAAP\/\/\/\/\/\/\/yH5BAEKAAEALAAAAAABAAEAAAICTAEAOw==\" \/><\/a><\/div><\/div><div id=\"envira-gallery-item-691\" class=\"envira-gallery-item enviratope-item envira-gallery-item-6 envira-lazy-load\" style=\"padding-left: 5px; padding-bottom: 10px; padding-right: 5px;\"  itemscope itemtype=\"https:\/\/schema.org\/ImageObject\"><div class=\"envira-gallery-item-inner\"><div class=\"envira-gallery-position-overlay  envira-gallery-top-left\"><\/div><div class=\"envira-gallery-position-overlay  envira-gallery-top-right\"><\/div><div class=\"envira-gallery-position-overlay  envira-gallery-bottom-left\"><\/div><div class=\"envira-gallery-position-overlay  envira-gallery-bottom-right\"><\/div><a href=\"http:\/\/susannamalinowsky.at\/wp-content\/uploads\/2021\/08\/The-Beauty_Zertifikat.jpg\" class=\"envira-gallery-677 envira-gallery-link\" rel=\"enviragallery677\" title=\"Zertifikat: The Beauty- Artbox Project\" data-envira-caption=\"Zertifikat: The Beauty- Artbox Project\" data-envira-retina=\"\" data-thumbnail=\"\"  itemprop=\"contentUrl\"><img id=\"envira-gallery-image-691\" class=\"envira-gallery-image envira-gallery-image-6 envira-normal envira-lazy\" data-envira-index=\"6\" src=\"http:\/\/susannamalinowsky.at\/wp-content\/uploads\/2021\/08\/The-Beauty_Zertifikat-1024x723-640x480.jpg\" data-envira-src=\"http:\/\/susannamalinowsky.at\/wp-content\/uploads\/2021\/08\/The-Beauty_Zertifikat-1024x723-640x480.jpg\" data-envira-gallery-id=\"677\" data-envira-item-id=\"691\" data-envira-caption=\"Zertifikat: The Beauty- Artbox Project\" alt=\"Zertifikat: The Beauty- Artbox Project\" title=\"Zertifikat: The Beauty- Artbox Project\"  itemprop=\"thumbnailUrl\" data-envira-srcset=\"http:\/\/susannamalinowsky.at\/wp-content\/uploads\/2021\/08\/The-Beauty_Zertifikat-1024x723-640x480.jpg 400w,http:\/\/susannamalinowsky.at\/wp-content\/uploads\/2021\/08\/The-Beauty_Zertifikat-1024x723-640x480.jpg 2x\" data-envira-width=\"300\" data-envira-height=\"212\" srcset=\"data:image\/gif;base64,R0lGODlhAQABAIAAAP\/\/\/\/\/\/\/yH5BAEKAAEALAAAAAABAAEAAAICTAEAOw==\" data-safe-src=\"data:image\/gif;base64,R0lGODlhAQABAIAAAP\/\/\/\/\/\/\/yH5BAEKAAEALAAAAAABAAEAAAICTAEAOw==\" \/><\/a><\/div><\/div><div id=\"envira-gallery-item-681\" class=\"envira-gallery-item enviratope-item envira-gallery-item-7 envira-lazy-load\" style=\"padding-left: 5px; padding-bottom: 10px; padding-right: 5px;\"  itemscope itemtype=\"https:\/\/schema.org\/ImageObject\"><div class=\"envira-gallery-item-inner\"><div class=\"envira-gallery-position-overlay  envira-gallery-top-left\"><\/div><div class=\"envira-gallery-position-overlay  envira-gallery-top-right\"><\/div><div class=\"envira-gallery-position-overlay  envira-gallery-bottom-left\"><\/div><div class=\"envira-gallery-position-overlay  envira-gallery-bottom-right\"><\/div><a href=\"http:\/\/susannamalinowsky.at\/wp-content\/uploads\/2021\/08\/Malinowsky-Susanna-O\u0308sterreich-Susanna-Malinowsky-Sternennebel-412-0Instagram.jpeg\" class=\"envira-gallery-677 envira-gallery-link\" rel=\"enviragallery677\" title=\"Sternennebel - Artbox Project\" data-envira-caption=\"Sternennebel - Artbox Project\" data-envira-retina=\"\" data-thumbnail=\"\"  itemprop=\"contentUrl\"><img id=\"envira-gallery-image-681\" class=\"envira-gallery-image envira-gallery-image-7 envira-normal envira-lazy\" data-envira-index=\"7\" src=\"http:\/\/susannamalinowsky.at\/wp-content\/uploads\/2021\/08\/Malinowsky-Susanna-O\u0308sterreich-Susanna-Malinowsky-Sternennebel-412-0Instagram-640x480.jpeg\" data-envira-src=\"http:\/\/susannamalinowsky.at\/wp-content\/uploads\/2021\/08\/Malinowsky-Susanna-O\u0308sterreich-Susanna-Malinowsky-Sternennebel-412-0Instagram-640x480.jpeg\" data-envira-gallery-id=\"677\" data-envira-item-id=\"681\" data-envira-caption=\"Sternennebel - Artbox Project\" alt=\"Malinowsky-Susanna-O\u0308sterreich-Sternennebel\" title=\"Sternennebel - Artbox Project\"  itemprop=\"thumbnailUrl\" data-envira-srcset=\"http:\/\/susannamalinowsky.at\/wp-content\/uploads\/2021\/08\/Malinowsky-Susanna-O\u0308sterreich-Susanna-Malinowsky-Sternennebel-412-0Instagram-640x480.jpeg 400w,http:\/\/susannamalinowsky.at\/wp-content\/uploads\/2021\/08\/Malinowsky-Susanna-O\u0308sterreich-Susanna-Malinowsky-Sternennebel-412-0Instagram-640x480.jpeg 2x\" data-envira-width=\"300\" data-envira-height=\"300\" srcset=\"data:image\/gif;base64,R0lGODlhAQABAIAAAP\/\/\/\/\/\/\/yH5BAEKAAEALAAAAAABAAEAAAICTAEAOw==\" data-safe-src=\"data:image\/gif;base64,R0lGODlhAQABAIAAAP\/\/\/\/\/\/\/yH5BAEKAAEALAAAAAABAAEAAAICTAEAOw==\" \/><\/a><\/div><\/div><div id=\"envira-gallery-item-690\" class=\"envira-gallery-item enviratope-item envira-gallery-item-8 envira-lazy-load\" style=\"padding-left: 5px; padding-bottom: 10px; padding-right: 5px;\"  itemscope itemtype=\"https:\/\/schema.org\/ImageObject\"><div class=\"envira-gallery-item-inner\"><div class=\"envira-gallery-position-overlay  envira-gallery-top-left\"><\/div><div class=\"envira-gallery-position-overlay  envira-gallery-top-right\"><\/div><div class=\"envira-gallery-position-overlay  envira-gallery-bottom-left\"><\/div><div class=\"envira-gallery-position-overlay  envira-gallery-bottom-right\"><\/div><a href=\"http:\/\/susannamalinowsky.at\/wp-content\/uploads\/2021\/08\/Sternennebel.jpg\" class=\"envira-gallery-677 envira-gallery-link\" rel=\"enviragallery677\" title=\"Zertifikat: Sternennebel- Artbox Project\" data-envira-caption=\"Zertifikat: Sternennebel- Artbox Project\" data-envira-retina=\"\" data-thumbnail=\"\"  itemprop=\"contentUrl\"><img id=\"envira-gallery-image-690\" class=\"envira-gallery-image envira-gallery-image-8 envira-normal envira-lazy\" data-envira-index=\"8\" src=\"http:\/\/susannamalinowsky.at\/wp-content\/uploads\/2021\/08\/Sternennebel-1024x723-640x480.jpg\" data-envira-src=\"http:\/\/susannamalinowsky.at\/wp-content\/uploads\/2021\/08\/Sternennebel-1024x723-640x480.jpg\" data-envira-gallery-id=\"677\" data-envira-item-id=\"690\" data-envira-caption=\"Zertifikat: Sternennebel- Artbox Project\" alt=\"Zertifikat: Sternennebel- Artbox Project\" title=\"Zertifikat: Sternennebel- Artbox Project\"  itemprop=\"thumbnailUrl\" data-envira-srcset=\"http:\/\/susannamalinowsky.at\/wp-content\/uploads\/2021\/08\/Sternennebel-1024x723-640x480.jpg 400w,http:\/\/susannamalinowsky.at\/wp-content\/uploads\/2021\/08\/Sternennebel-1024x723-640x480.jpg 2x\" data-envira-width=\"300\" data-envira-height=\"212\" srcset=\"data:image\/gif;base64,R0lGODlhAQABAIAAAP\/\/\/\/\/\/\/yH5BAEKAAEALAAAAAABAAEAAAICTAEAOw==\" data-safe-src=\"data:image\/gif;base64,R0lGODlhAQABAIAAAP\/\/\/\/\/\/\/yH5BAEKAAEALAAAAAABAAEAAAICTAEAOw==\" \/><\/a><\/div><\/div><div id=\"envira-gallery-item-682\" class=\"envira-gallery-item enviratope-item envira-gallery-item-9 envira-lazy-load\" style=\"padding-left: 5px; padding-bottom: 10px; padding-right: 5px;\"  itemscope itemtype=\"https:\/\/schema.org\/ImageObject\"><div class=\"envira-gallery-item-inner\"><div class=\"envira-gallery-position-overlay  envira-gallery-top-left\"><\/div><div class=\"envira-gallery-position-overlay  envira-gallery-top-right\"><\/div><div class=\"envira-gallery-position-overlay  envira-gallery-bottom-left\"><\/div><div class=\"envira-gallery-position-overlay  envira-gallery-bottom-right\"><\/div><a href=\"http:\/\/susannamalinowsky.at\/wp-content\/uploads\/2021\/08\/Malinowsky-Susanna-O\u0308sterreich-Susanna-Malinowsky-StanOlli-412-0Instagram.jpeg\" class=\"envira-gallery-677 envira-gallery-link\" rel=\"enviragallery677\" title=\"Stan&amp;amp;amp;Olli - Artbox Project\" data-envira-caption=\"Stan&amp;amp;amp;Olli - Artbox Project\" data-envira-retina=\"\" data-thumbnail=\"\"  itemprop=\"contentUrl\"><img id=\"envira-gallery-image-682\" class=\"envira-gallery-image envira-gallery-image-9 envira-normal envira-lazy\" data-envira-index=\"9\" src=\"http:\/\/susannamalinowsky.at\/wp-content\/uploads\/2021\/08\/Malinowsky-Susanna-O\u0308sterreich-Susanna-Malinowsky-StanOlli-412-0Instagram-640x480.jpeg\" data-envira-src=\"http:\/\/susannamalinowsky.at\/wp-content\/uploads\/2021\/08\/Malinowsky-Susanna-O\u0308sterreich-Susanna-Malinowsky-StanOlli-412-0Instagram-640x480.jpeg\" data-envira-gallery-id=\"677\" data-envira-item-id=\"682\" data-envira-caption=\"Stan&amp;amp;amp;Olli - Artbox Project\" alt=\"Malinowsky-Susanna-O\u0308sterreich-Stan&amp;Olli\" title=\"Stan&amp;amp;Olli - Artbox Project\"  itemprop=\"thumbnailUrl\" data-envira-srcset=\"http:\/\/susannamalinowsky.at\/wp-content\/uploads\/2021\/08\/Malinowsky-Susanna-O\u0308sterreich-Susanna-Malinowsky-StanOlli-412-0Instagram-640x480.jpeg 400w,http:\/\/susannamalinowsky.at\/wp-content\/uploads\/2021\/08\/Malinowsky-Susanna-O\u0308sterreich-Susanna-Malinowsky-StanOlli-412-0Instagram-640x480.jpeg 2x\" data-envira-width=\"300\" data-envira-height=\"300\" srcset=\"data:image\/gif;base64,R0lGODlhAQABAIAAAP\/\/\/\/\/\/\/yH5BAEKAAEALAAAAAABAAEAAAICTAEAOw==\" data-safe-src=\"data:image\/gif;base64,R0lGODlhAQABAIAAAP\/\/\/\/\/\/\/yH5BAEKAAEALAAAAAABAAEAAAICTAEAOw==\" \/><\/a><\/div><\/div><div id=\"envira-gallery-item-689\" class=\"envira-gallery-item enviratope-item envira-gallery-item-10 envira-lazy-load\" style=\"padding-left: 5px; padding-bottom: 10px; padding-right: 5px;\"  itemscope itemtype=\"https:\/\/schema.org\/ImageObject\"><div class=\"envira-gallery-item-inner\"><div class=\"envira-gallery-position-overlay  envira-gallery-top-left\"><\/div><div class=\"envira-gallery-position-overlay  envira-gallery-top-right\"><\/div><div class=\"envira-gallery-position-overlay  envira-gallery-bottom-left\"><\/div><div class=\"envira-gallery-position-overlay  envira-gallery-bottom-right\"><\/div><a href=\"http:\/\/susannamalinowsky.at\/wp-content\/uploads\/2021\/08\/Stan-Olli_Zertifikat.jpg\" class=\"envira-gallery-677 envira-gallery-link\" rel=\"enviragallery677\" title=\"Zertifikat: Stan&amp;amp;amp;Olli- Artbox Project\" data-envira-caption=\"Zertifikat: Stan&amp;amp;amp;Olli- Artbox Project\" data-envira-retina=\"\" data-thumbnail=\"\"  itemprop=\"contentUrl\"><img id=\"envira-gallery-image-689\" class=\"envira-gallery-image envira-gallery-image-10 envira-normal envira-lazy\" data-envira-index=\"10\" src=\"http:\/\/susannamalinowsky.at\/wp-content\/uploads\/2021\/08\/Stan-Olli_Zertifikat-1024x722-640x480.jpg\" data-envira-src=\"http:\/\/susannamalinowsky.at\/wp-content\/uploads\/2021\/08\/Stan-Olli_Zertifikat-1024x722-640x480.jpg\" data-envira-gallery-id=\"677\" data-envira-item-id=\"689\" data-envira-caption=\"Zertifikat: Stan&amp;amp;amp;Olli- Artbox Project\" alt=\"Zertifikat: Stan&amp;Olli- Artbox Project\" title=\"Zertifikat: Stan&amp;amp;Olli- Artbox Project\"  itemprop=\"thumbnailUrl\" data-envira-srcset=\"http:\/\/susannamalinowsky.at\/wp-content\/uploads\/2021\/08\/Stan-Olli_Zertifikat-1024x722-640x480.jpg 400w,http:\/\/susannamalinowsky.at\/wp-content\/uploads\/2021\/08\/Stan-Olli_Zertifikat-1024x722-640x480.jpg 2x\" data-envira-width=\"300\" data-envira-height=\"212\" srcset=\"data:image\/gif;base64,R0lGODlhAQABAIAAAP\/\/\/\/\/\/\/yH5BAEKAAEALAAAAAABAAEAAAICTAEAOw==\" data-safe-src=\"data:image\/gif;base64,R0lGODlhAQABAIAAAP\/\/\/\/\/\/\/yH5BAEKAAEALAAAAAABAAEAAAICTAEAOw==\" \/><\/a><\/div><\/div><\/div><\/div><noscript><img src=\"http:\/\/susannamalinowsky.at\/wp-content\/uploads\/2021\/08\/Malinowsky-Susanna-O\u0308sterreich-Susanna-Malinowsky-Coronawalk-412-0Instagram.jpeg\" alt=\"Malinowsky-Susanna-O\u0308sterreich-Coronawalk\" \/><img src=\"http:\/\/susannamalinowsky.at\/wp-content\/uploads\/2021\/08\/Coronawalk_Zertifikat.jpg\" alt=\"Zertifikat: Coronawalk - Artbox Project\" \/><img src=\"http:\/\/susannamalinowsky.at\/wp-content\/uploads\/2021\/08\/Malinowsky-Susanna-O\u0308sterreich-Susanna-Malinowsky-Wonderful-Dream-412-0Instagram.jpeg\" alt=\"Malinowsky-Susanna-O\u0308sterreich-Wonderful Dream\" \/><img src=\"http:\/\/susannamalinowsky.at\/wp-content\/uploads\/2021\/08\/Wonderful-Dream.jpg\" alt=\"Zertifikat: Wonderful Dream - Artbox Project\" \/><img src=\"http:\/\/susannamalinowsky.at\/wp-content\/uploads\/2021\/08\/Malinowsky-Susanna-O\u0308sterreich-Susanna-Malinowsky-The-Beauty-412-0Instagram.jpeg\" alt=\"Malinowsky-Susanna-O\u0308sterreich-The Beauty\" \/><img src=\"http:\/\/susannamalinowsky.at\/wp-content\/uploads\/2021\/08\/The-Beauty_Zertifikat.jpg\" alt=\"Zertifikat: The Beauty- Artbox Project\" \/><img src=\"http:\/\/susannamalinowsky.at\/wp-content\/uploads\/2021\/08\/Malinowsky-Susanna-O\u0308sterreich-Susanna-Malinowsky-Sternennebel-412-0Instagram.jpeg\" alt=\"Malinowsky-Susanna-O\u0308sterreich-Sternennebel\" \/><img src=\"http:\/\/susannamalinowsky.at\/wp-content\/uploads\/2021\/08\/Sternennebel.jpg\" alt=\"Zertifikat: Sternennebel- Artbox Project\" \/><img src=\"http:\/\/susannamalinowsky.at\/wp-content\/uploads\/2021\/08\/Malinowsky-Susanna-O\u0308sterreich-Susanna-Malinowsky-StanOlli-412-0Instagram.jpeg\" alt=\"Malinowsky-Susanna-O\u0308sterreich-Stan&amp;Olli\" \/><img src=\"http:\/\/susannamalinowsky.at\/wp-content\/uploads\/2021\/08\/Stan-Olli_Zertifikat.jpg\" alt=\"Zertifikat: Stan&amp;Olli- Artbox Project\" \/><\/noscript><\/code><\/code><\/p>\n\n\n\n<h2><strong>2019<\/strong><\/h2>\n\n\n\n<p><strong>Rom:<\/strong>&nbsp;Rossocinabro Galerie, April und Mai&nbsp;2019&nbsp;<\/p>\n\n\n\n<p><strong>Mantua:<\/strong>&nbsp;2019 &#8222;Mantova Artexpo 2019&#8220; im Di\u00f6zesanmuseum Franzesco Gonzaga, 8.-15.Juni<br>Theater in Mantua \u00dcberreichung des &#8222;International Prize Artist of the Year&#8220; 2019, 9.Juni 2019<\/p>\n\n\n\n<p><strong>Neuhofen<\/strong>, \u201eTage des offenen Ateliers\u201c, 19.Oktober 2019<\/p>\n\n\n\n<h2><strong>2018<\/strong><\/h2>\n\n\n\n<p><strong>Venedig:<\/strong>&nbsp;Biennale of the Nations, M\u00e4rz 2018<\/p>\n\n\n\n<p><strong>St.P\u00f6lten:<\/strong>&nbsp;ENML Ausstellung einiger Bilder anl\u00e4sslich ISO-Zertifizierung, M\u00e4rz 2018<\/p>\n\n\n\n<p><strong>Loosdorf:<\/strong>&nbsp;Eiskeller, Ausstellung anl\u00e4sslich des 10-Jahresjubil\u00e4ums des Kulturvereins Loosdorf, April 2018<\/p>\n\n\n\n<p><strong>Langenlois:<\/strong>&nbsp;Raika Gemeinschaftsausstellung, Mai 2018<\/p>\n\n\n\n<p><strong>Loosdorf:<\/strong>&nbsp;Gemeinschaftsausstellung anl\u00e4sslich der \u201eTage des offenen Ateliers\u201c, Oktober 2018<\/p>\n\n\n\n<p><strong>Loosdorf:<\/strong> Weihnachtsausstellung und Katalogpr\u00e4sentation mit&nbsp; dem Kunstforum Loosdorf. Ein Kunstkatalog wurde von der N\u00d6 Landesregierung gesponsert und von Prof. Sacher \u00fcberreicht. <strong>Danke!<\/strong><\/p>\n\n\n\n<div id=\"envira-gallery-wrap-542\" class=\"envira-gallery-wrap envira-gallery-theme-base envira-lightbox-theme-base\" itemscope itemtype=\"https:\/\/schema.org\/ImageGallery\"><div data-row-height=\"150\" data-gallery-theme=\"normal\" id=\"envira-gallery-542\" class=\"envira-gallery-public envira-gallery-justified-public envira-gallery-0-columns envira-clear enviratope envira-gallery-css-animations\" data-envira-columns=\"0\"><div id=\"envira-gallery-item-543\" class=\"envira-gallery-item enviratope-item envira-gallery-item-1 envira-lazy-load\" style=\"padding-left: 5px; padding-bottom: 10px; padding-right: 5px;\"  itemscope itemtype=\"https:\/\/schema.org\/ImageObject\"><div class=\"envira-gallery-item-inner\"><div class=\"envira-gallery-position-overlay  envira-gallery-top-left\"><\/div><div class=\"envira-gallery-position-overlay  envira-gallery-top-right\"><\/div><div class=\"envira-gallery-position-overlay  envira-gallery-bottom-left\"><\/div><div class=\"envira-gallery-position-overlay  envira-gallery-bottom-right\"><\/div><a href=\"http:\/\/susannamalinowsky.at\/wp-content\/uploads\/2020\/10\/Raika-Langenlois-2018-1-1.jpg\" class=\"envira-gallery-542 envira-gallery-link\" rel=\"enviragallery542\" title=\"Raika Gemeinschaftsausstellung\" data-envira-caption=\"Raika Gemeinschaftsausstellung\" data-envira-retina=\"\" data-thumbnail=\"\"  itemprop=\"contentUrl\"><img id=\"envira-gallery-image-543\" class=\"envira-gallery-image envira-gallery-image-1 envira-normal envira-lazy\" data-envira-index=\"1\" src=\"http:\/\/susannamalinowsky.at\/wp-content\/uploads\/2020\/10\/Raika-Langenlois-2018-1-1-640x480.jpg\" data-envira-src=\"http:\/\/susannamalinowsky.at\/wp-content\/uploads\/2020\/10\/Raika-Langenlois-2018-1-1-640x480.jpg\" data-envira-gallery-id=\"542\" data-envira-item-id=\"543\" data-envira-caption=\"Raika Gemeinschaftsausstellung\" alt=\"Ausstellung, Vernissage, Kunst, Bilder, Malerei, Krems, Langenlois, Malinowsky\" title=\"Raika Gemeinschaftsausstellung\"  itemprop=\"thumbnailUrl\" data-envira-srcset=\"http:\/\/susannamalinowsky.at\/wp-content\/uploads\/2020\/10\/Raika-Langenlois-2018-1-1-640x480.jpg 400w,http:\/\/susannamalinowsky.at\/wp-content\/uploads\/2020\/10\/Raika-Langenlois-2018-1-1-640x480.jpg 2x\" data-envira-width=\"300\" data-envira-height=\"200\" srcset=\"data:image\/gif;base64,R0lGODlhAQABAIAAAP\/\/\/\/\/\/\/yH5BAEKAAEALAAAAAABAAEAAAICTAEAOw==\" data-safe-src=\"data:image\/gif;base64,R0lGODlhAQABAIAAAP\/\/\/\/\/\/\/yH5BAEKAAEALAAAAAABAAEAAAICTAEAOw==\" \/><\/a><\/div><\/div><\/div><\/div><noscript><img src=\"http:\/\/susannamalinowsky.at\/wp-content\/uploads\/2020\/10\/Raika-Langenlois-2018-1-1.jpg\" alt=\"Ausstellung, Vernissage, Kunst, Bilder, Malerei, Krems, Langenlois, Malinowsky\" \/><\/noscript>\n\n\n\n<hr class=\"wp-block-separator\"\/>\n\n\n\n<h2><strong>2017<\/strong><\/h2>\n\n\n\n<p><strong>St.P\u00f6lten:<\/strong> Ausstellung im &#8222;Caf\u00e9 im Palais Wellenstein&#8220;, M\u00e4rz 2017<\/p>\n\n\n\n<p><strong>Sizilien:&nbsp;MeArt<\/strong>, Kunstmesse in Palermo mit Erhalt der Expertise meines Bildes &#8222;<a rel=\"noreferrer noopener\" href=\"#Wonderful-Dream\" data-type=\"internal\" data-id=\"#Wonderful-Dream\" target=\"_blank\">Wonderful Dream<\/a>&#8220; ,Kritik von<strong>&nbsp;Paolo Levi<\/strong>,&nbsp;M\u00e4rz 2017<\/p>\n\n\n\n<p><strong>Italien:<\/strong>&nbsp;Peschiera del Garda,<strong>&nbsp;Biennale d\u00b4Arte<\/strong>, April 2017<\/p>\n\n\n\n<p><strong>New York City:&nbsp;<\/strong>Amsterdam Whitney Gallery, Kurator Dir. Ruthie Tucker, Pr\u00e4sentation f\u00fcr ein Jahr, Ausstellung&nbsp; von 28. August bis 2. Oktober 2017<\/p>\n\n\n\n<p><strong>Loosdorf: <\/strong>Gemeinschaftsausstellung mit Kulturforum Loosdorf bei Firma Held&amp;Francke 25.11.2017 bis 7.12.2017<\/p>\n\n\n\n<blockquote class=\"wp-block-quote\" id=\"Kunstkritik\"><p>Die Kommunikationsf\u00e4higkeit, die die Grenzen der Sehf\u00e4higkeit \u00fcbertrumpfen und die Kreation lebendig macht. Sie bringt Leben in die harmonische Kreation und \u00fcbermittelt universelle Botschaften. Eine Kunst, die die Kreativit\u00e4t des K\u00fcnstlers und das Schlagen der inneren Seele entdeckt.<\/p><cite>Paolo Levi &#8211; internationaler Kunstkritiker<br>(\u00fcbersetzt vom Italienischen ins Deutsche)<\/cite><\/blockquote>\n\n\n\n<div id=\"envira-gallery-wrap-516\" class=\"envira-gallery-wrap envira-gallery-theme-base envira-lightbox-theme-base\" itemscope itemtype=\"https:\/\/schema.org\/ImageGallery\"><div data-row-height=\"150\" data-gallery-theme=\"normal\" id=\"envira-gallery-516\" class=\"envira-gallery-public envira-gallery-justified-public envira-gallery-0-columns envira-clear enviratope envira-gallery-css-animations\" data-envira-columns=\"0\"><div id=\"envira-gallery-item-553\" class=\"envira-gallery-item enviratope-item envira-gallery-item-1 envira-lazy-load\" style=\"padding-left: 5px; padding-bottom: 10px; padding-right: 5px;\"  itemscope itemtype=\"https:\/\/schema.org\/ImageObject\"><div class=\"envira-gallery-item-inner\"><div class=\"envira-gallery-position-overlay  envira-gallery-top-left\"><\/div><div class=\"envira-gallery-position-overlay  envira-gallery-top-right\"><\/div><div class=\"envira-gallery-position-overlay  envira-gallery-bottom-left\"><\/div><div class=\"envira-gallery-position-overlay  envira-gallery-bottom-right\"><\/div><a href=\"http:\/\/susannamalinowsky.at\/wp-content\/uploads\/2020\/10\/Expertise-WonderfulDream-2017-1.jpg\" class=\"envira-gallery-516 envira-gallery-link\" rel=\"enviragallery516\" title=\"Expertise Wonderful Dream 2017 von Paolo Levi\" data-envira-caption=\"Expertise Wonderful Dream 2017 von Paolo Levi\" data-envira-retina=\"\" data-thumbnail=\"\"  itemprop=\"contentUrl\"><img id=\"envira-gallery-image-553\" class=\"envira-gallery-image envira-gallery-image-1 envira-normal envira-lazy\" data-envira-index=\"1\" src=\"http:\/\/susannamalinowsky.at\/wp-content\/uploads\/2020\/10\/Expertise-WonderfulDream-2017-1-640x480.jpg\" data-envira-src=\"http:\/\/susannamalinowsky.at\/wp-content\/uploads\/2020\/10\/Expertise-WonderfulDream-2017-1-640x480.jpg\" data-envira-gallery-id=\"516\" data-envira-item-id=\"553\" data-envira-caption=\"Expertise Wonderful Dream 2017 von Paolo Levi\" alt=\"Kritik, Kunst, Palermo, Malinowsky, Bilder, Malen\" title=\"Expertise Wonderful Dream 2017 von Paolo Levi\"  itemprop=\"thumbnailUrl\" data-envira-srcset=\"http:\/\/susannamalinowsky.at\/wp-content\/uploads\/2020\/10\/Expertise-WonderfulDream-2017-1-640x480.jpg 400w,http:\/\/susannamalinowsky.at\/wp-content\/uploads\/2020\/10\/Expertise-WonderfulDream-2017-1-640x480.jpg 2x\" data-envira-width=\"213\" data-envira-height=\"300\" srcset=\"data:image\/gif;base64,R0lGODlhAQABAIAAAP\/\/\/\/\/\/\/yH5BAEKAAEALAAAAAABAAEAAAICTAEAOw==\" data-safe-src=\"data:image\/gif;base64,R0lGODlhAQABAIAAAP\/\/\/\/\/\/\/yH5BAEKAAEALAAAAAABAAEAAAICTAEAOw==\" \/><\/a><\/div><\/div><div id=\"envira-gallery-item-518\" class=\"envira-gallery-item enviratope-item envira-gallery-item-2 envira-lazy-load\" style=\"padding-left: 5px; padding-bottom: 10px; padding-right: 5px;\"  itemscope itemtype=\"https:\/\/schema.org\/ImageObject\"><div class=\"envira-gallery-item-inner\"><div class=\"envira-gallery-position-overlay  envira-gallery-top-left\"><\/div><div class=\"envira-gallery-position-overlay  envira-gallery-top-right\"><\/div><div class=\"envira-gallery-position-overlay  envira-gallery-bottom-left\"><\/div><div class=\"envira-gallery-position-overlay  envira-gallery-bottom-right\"><\/div><a href=\"http:\/\/susannamalinowsky.at\/wp-content\/uploads\/2020\/10\/Sizilien-1-1.jpg\" class=\"envira-gallery-516 envira-gallery-link\" rel=\"enviragallery516\" title=\"Sizilien - MeArt\" data-envira-caption=\"Sizilien - MeArt\" data-envira-retina=\"\" data-thumbnail=\"\"  itemprop=\"contentUrl\"><img id=\"envira-gallery-image-518\" class=\"envira-gallery-image envira-gallery-image-2 envira-normal envira-lazy\" data-envira-index=\"2\" src=\"http:\/\/susannamalinowsky.at\/wp-content\/uploads\/2020\/10\/Sizilien-1-1-640x480.jpg\" data-envira-src=\"http:\/\/susannamalinowsky.at\/wp-content\/uploads\/2020\/10\/Sizilien-1-1-640x480.jpg\" data-envira-gallery-id=\"516\" data-envira-item-id=\"518\" data-envira-caption=\"Sizilien - MeArt\" alt=\"Kunstpreis, Kunst, Sizilien, Preis, Malinowsky, Bilder, Malen\" title=\"Sizilien - MeArt\"  itemprop=\"thumbnailUrl\" data-envira-srcset=\"http:\/\/susannamalinowsky.at\/wp-content\/uploads\/2020\/10\/Sizilien-1-1-640x480.jpg 400w,http:\/\/susannamalinowsky.at\/wp-content\/uploads\/2020\/10\/Sizilien-1-1-640x480.jpg 2x\" data-envira-width=\"300\" data-envira-height=\"225\" srcset=\"data:image\/gif;base64,R0lGODlhAQABAIAAAP\/\/\/\/\/\/\/yH5BAEKAAEALAAAAAABAAEAAAICTAEAOw==\" data-safe-src=\"data:image\/gif;base64,R0lGODlhAQABAIAAAP\/\/\/\/\/\/\/yH5BAEKAAEALAAAAAABAAEAAAICTAEAOw==\" \/><\/a><\/div><\/div><div id=\"envira-gallery-item-519\" class=\"envira-gallery-item enviratope-item envira-gallery-item-3 envira-lazy-load\" style=\"padding-left: 5px; padding-bottom: 10px; padding-right: 5px;\"  itemscope itemtype=\"https:\/\/schema.org\/ImageObject\"><div class=\"envira-gallery-item-inner\"><div class=\"envira-gallery-position-overlay  envira-gallery-top-left\"><\/div><div class=\"envira-gallery-position-overlay  envira-gallery-top-right\"><\/div><div class=\"envira-gallery-position-overlay  envira-gallery-bottom-left\"><\/div><div class=\"envira-gallery-position-overlay  envira-gallery-bottom-right\"><\/div><a href=\"http:\/\/susannamalinowsky.at\/wp-content\/uploads\/2020\/10\/Sizilien-2-1.jpg\" class=\"envira-gallery-516 envira-gallery-link\" rel=\"enviragallery516\" title=\"Sizilien - MeArt\" data-envira-caption=\"Sizilien - MeArt\" data-envira-retina=\"\" data-thumbnail=\"\"  itemprop=\"contentUrl\"><img id=\"envira-gallery-image-519\" class=\"envira-gallery-image envira-gallery-image-3 envira-normal envira-lazy\" data-envira-index=\"3\" src=\"http:\/\/susannamalinowsky.at\/wp-content\/uploads\/2020\/10\/Sizilien-2-1-640x480.jpg\" data-envira-src=\"http:\/\/susannamalinowsky.at\/wp-content\/uploads\/2020\/10\/Sizilien-2-1-640x480.jpg\" data-envira-gallery-id=\"516\" data-envira-item-id=\"519\" data-envira-caption=\"Sizilien - MeArt\" alt=\"Kunstpreis, Kunst, Sizilien, Preis, Malinowsky, Bilder, Malen\" title=\"Sizilien - MeArt\"  itemprop=\"thumbnailUrl\" data-envira-srcset=\"http:\/\/susannamalinowsky.at\/wp-content\/uploads\/2020\/10\/Sizilien-2-1-640x480.jpg 400w,http:\/\/susannamalinowsky.at\/wp-content\/uploads\/2020\/10\/Sizilien-2-1-640x480.jpg 2x\" data-envira-width=\"300\" data-envira-height=\"225\" srcset=\"data:image\/gif;base64,R0lGODlhAQABAIAAAP\/\/\/\/\/\/\/yH5BAEKAAEALAAAAAABAAEAAAICTAEAOw==\" data-safe-src=\"data:image\/gif;base64,R0lGODlhAQABAIAAAP\/\/\/\/\/\/\/yH5BAEKAAEALAAAAAABAAEAAAICTAEAOw==\" \/><\/a><\/div><\/div><div id=\"envira-gallery-item-520\" class=\"envira-gallery-item enviratope-item envira-gallery-item-4 envira-lazy-load\" style=\"padding-left: 5px; padding-bottom: 10px; padding-right: 5px;\"  itemscope itemtype=\"https:\/\/schema.org\/ImageObject\"><div class=\"envira-gallery-item-inner\"><div class=\"envira-gallery-position-overlay  envira-gallery-top-left\"><\/div><div class=\"envira-gallery-position-overlay  envira-gallery-top-right\"><\/div><div class=\"envira-gallery-position-overlay  envira-gallery-bottom-left\"><\/div><div class=\"envira-gallery-position-overlay  envira-gallery-bottom-right\"><\/div><a href=\"http:\/\/susannamalinowsky.at\/wp-content\/uploads\/2020\/10\/Sizilien-3-1.jpg\" class=\"envira-gallery-516 envira-gallery-link\" rel=\"enviragallery516\" title=\"Sizilien - MeArt\" data-envira-caption=\"Sizilien - MeArt\" data-envira-retina=\"\" data-thumbnail=\"\"  itemprop=\"contentUrl\"><img id=\"envira-gallery-image-520\" class=\"envira-gallery-image envira-gallery-image-4 envira-normal envira-lazy\" data-envira-index=\"4\" src=\"http:\/\/susannamalinowsky.at\/wp-content\/uploads\/2020\/10\/Sizilien-3-1-640x480.jpg\" data-envira-src=\"http:\/\/susannamalinowsky.at\/wp-content\/uploads\/2020\/10\/Sizilien-3-1-640x480.jpg\" data-envira-gallery-id=\"516\" data-envira-item-id=\"520\" data-envira-caption=\"Sizilien - MeArt\" alt=\"Kunstpreis, Kunst, Sizilien, Preis, Malinowsky, Bilder, Malen\" title=\"Sizilien - MeArt\"  itemprop=\"thumbnailUrl\" data-envira-srcset=\"http:\/\/susannamalinowsky.at\/wp-content\/uploads\/2020\/10\/Sizilien-3-1-640x480.jpg 400w,http:\/\/susannamalinowsky.at\/wp-content\/uploads\/2020\/10\/Sizilien-3-1-640x480.jpg 2x\" data-envira-width=\"225\" data-envira-height=\"300\" srcset=\"data:image\/gif;base64,R0lGODlhAQABAIAAAP\/\/\/\/\/\/\/yH5BAEKAAEALAAAAAABAAEAAAICTAEAOw==\" data-safe-src=\"data:image\/gif;base64,R0lGODlhAQABAIAAAP\/\/\/\/\/\/\/yH5BAEKAAEALAAAAAABAAEAAAICTAEAOw==\" \/><\/a><\/div><\/div><div id=\"envira-gallery-item-517\" class=\"envira-gallery-item enviratope-item envira-gallery-item-5 envira-lazy-load\" style=\"padding-left: 5px; padding-bottom: 10px; padding-right: 5px;\"  itemscope itemtype=\"https:\/\/schema.org\/ImageObject\"><div class=\"envira-gallery-item-inner\"><div class=\"envira-gallery-position-overlay  envira-gallery-top-left\"><\/div><div class=\"envira-gallery-position-overlay  envira-gallery-top-right\"><\/div><div class=\"envira-gallery-position-overlay  envira-gallery-bottom-left\"><\/div><div class=\"envira-gallery-position-overlay  envira-gallery-bottom-right\"><\/div><a href=\"http:\/\/susannamalinowsky.at\/wp-content\/uploads\/2020\/10\/mit-Ruthie-Tucker-Direktor-und-Kurator-Amsterdam-Whitney-Gallery-1.png\" class=\"envira-gallery-516 envira-gallery-link\" rel=\"enviragallery516\" title=\"New York City - Amsterdam Whitney Gallery mit Ruthie Tucker Direktorin und Kuratorin\" data-envira-caption=\"New York City - Amsterdam Whitney Gallery mit Ruthie Tucker Direktorin und Kuratorin\" data-envira-retina=\"\" data-thumbnail=\"\"  itemprop=\"contentUrl\"><img id=\"envira-gallery-image-517\" class=\"envira-gallery-image envira-gallery-image-5 envira-normal envira-lazy\" data-envira-index=\"5\" src=\"http:\/\/susannamalinowsky.at\/wp-content\/uploads\/2020\/10\/mit-Ruthie-Tucker-Direktor-und-Kurator-Amsterdam-Whitney-Gallery-1.png\" data-envira-src=\"http:\/\/susannamalinowsky.at\/wp-content\/uploads\/2020\/10\/mit-Ruthie-Tucker-Direktor-und-Kurator-Amsterdam-Whitney-Gallery-1.png\" data-envira-gallery-id=\"516\" data-envira-item-id=\"517\" data-envira-caption=\"New York City - Amsterdam Whitney Gallery mit Ruthie Tucker Direktorin und Kuratorin\" alt=\"Ausstellung, Vernissage, New York, Amerika, Bilder, Malen, Malinowsky\" title=\"New York City - Amsterdam Whitney Gallery mit Ruthie Tucker Direktorin und Kuratorin\"  itemprop=\"thumbnailUrl\" data-envira-srcset=\"http:\/\/susannamalinowsky.at\/wp-content\/uploads\/2020\/10\/mit-Ruthie-Tucker-Direktor-und-Kurator-Amsterdam-Whitney-Gallery-1.png 400w,http:\/\/susannamalinowsky.at\/wp-content\/uploads\/2020\/10\/mit-Ruthie-Tucker-Direktor-und-Kurator-Amsterdam-Whitney-Gallery-1.png 2x\" data-envira-width=\"300\" data-envira-height=\"225\" srcset=\"data:image\/gif;base64,R0lGODlhAQABAIAAAP\/\/\/\/\/\/\/yH5BAEKAAEALAAAAAABAAEAAAICTAEAOw==\" data-safe-src=\"data:image\/gif;base64,R0lGODlhAQABAIAAAP\/\/\/\/\/\/\/yH5BAEKAAEALAAAAAABAAEAAAICTAEAOw==\" \/><\/a><\/div><\/div><div id=\"envira-gallery-item-521\" class=\"envira-gallery-item enviratope-item envira-gallery-item-6 envira-lazy-load\" style=\"padding-left: 5px; padding-bottom: 10px; padding-right: 5px;\"  itemscope itemtype=\"https:\/\/schema.org\/ImageObject\"><div class=\"envira-gallery-item-inner\"><div class=\"envira-gallery-position-overlay  envira-gallery-top-left\"><\/div><div class=\"envira-gallery-position-overlay  envira-gallery-top-right\"><\/div><div class=\"envira-gallery-position-overlay  envira-gallery-bottom-left\"><\/div><div class=\"envira-gallery-position-overlay  envira-gallery-bottom-right\"><\/div><a href=\"http:\/\/susannamalinowsky.at\/wp-content\/uploads\/2020\/10\/Vernissage_Amsterdam_Whitney_Gallery_NewYorkCity-11-Copy-1.png\" class=\"envira-gallery-516 envira-gallery-link\" rel=\"enviragallery516\" title=\"New York City - Amsterdam Whitney Gallery\" data-envira-caption=\"New York City - Amsterdam Whitney Gallery\" data-envira-retina=\"\" data-thumbnail=\"\"  itemprop=\"contentUrl\"><img id=\"envira-gallery-image-521\" class=\"envira-gallery-image envira-gallery-image-6 envira-normal envira-lazy\" data-envira-index=\"6\" src=\"http:\/\/susannamalinowsky.at\/wp-content\/uploads\/2020\/10\/Vernissage_Amsterdam_Whitney_Gallery_NewYorkCity-11-Copy-1.png\" data-envira-src=\"http:\/\/susannamalinowsky.at\/wp-content\/uploads\/2020\/10\/Vernissage_Amsterdam_Whitney_Gallery_NewYorkCity-11-Copy-1.png\" data-envira-gallery-id=\"516\" data-envira-item-id=\"521\" data-envira-caption=\"New York City - Amsterdam Whitney Gallery\" alt=\"Ausstellung, Vernissage, New York, Amerika, Bilder, Malen, Malinowsky\" title=\"New York City - Amsterdam Whitney Gallery\"  itemprop=\"thumbnailUrl\" data-envira-srcset=\"http:\/\/susannamalinowsky.at\/wp-content\/uploads\/2020\/10\/Vernissage_Amsterdam_Whitney_Gallery_NewYorkCity-11-Copy-1.png 400w,http:\/\/susannamalinowsky.at\/wp-content\/uploads\/2020\/10\/Vernissage_Amsterdam_Whitney_Gallery_NewYorkCity-11-Copy-1.png 2x\" data-envira-width=\"300\" data-envira-height=\"225\" srcset=\"data:image\/gif;base64,R0lGODlhAQABAIAAAP\/\/\/\/\/\/\/yH5BAEKAAEALAAAAAABAAEAAAICTAEAOw==\" data-safe-src=\"data:image\/gif;base64,R0lGODlhAQABAIAAAP\/\/\/\/\/\/\/yH5BAEKAAEALAAAAAABAAEAAAICTAEAOw==\" \/><\/a><\/div><\/div><div id=\"envira-gallery-item-522\" class=\"envira-gallery-item enviratope-item envira-gallery-item-7 envira-lazy-load\" style=\"padding-left: 5px; padding-bottom: 10px; padding-right: 5px;\"  itemscope itemtype=\"https:\/\/schema.org\/ImageObject\"><div class=\"envira-gallery-item-inner\"><div class=\"envira-gallery-position-overlay  envira-gallery-top-left\"><\/div><div class=\"envira-gallery-position-overlay  envira-gallery-top-right\"><\/div><div class=\"envira-gallery-position-overlay  envira-gallery-bottom-left\"><\/div><div class=\"envira-gallery-position-overlay  envira-gallery-bottom-right\"><\/div><a href=\"http:\/\/susannamalinowsky.at\/wp-content\/uploads\/2020\/10\/Vernissage_Amsterdam_Whitney_Gallery_NewYorkCity-12-Copy-1.png\" class=\"envira-gallery-516 envira-gallery-link\" rel=\"enviragallery516\" title=\"New York City - Amsterdam Whitney Gallery\" data-envira-caption=\"New York City - Amsterdam Whitney Gallery\" data-envira-retina=\"\" data-thumbnail=\"\"  itemprop=\"contentUrl\"><img id=\"envira-gallery-image-522\" class=\"envira-gallery-image envira-gallery-image-7 envira-normal envira-lazy\" data-envira-index=\"7\" src=\"http:\/\/susannamalinowsky.at\/wp-content\/uploads\/2020\/10\/Vernissage_Amsterdam_Whitney_Gallery_NewYorkCity-12-Copy-1-640x480.png\" data-envira-src=\"http:\/\/susannamalinowsky.at\/wp-content\/uploads\/2020\/10\/Vernissage_Amsterdam_Whitney_Gallery_NewYorkCity-12-Copy-1-640x480.png\" data-envira-gallery-id=\"516\" data-envira-item-id=\"522\" data-envira-caption=\"New York City - Amsterdam Whitney Gallery\" alt=\"Ausstellung, Vernissage, New York, Amerika, Bilder, Malen, Malinowsky\" title=\"New York City - Amsterdam Whitney Gallery\"  itemprop=\"thumbnailUrl\" data-envira-srcset=\"http:\/\/susannamalinowsky.at\/wp-content\/uploads\/2020\/10\/Vernissage_Amsterdam_Whitney_Gallery_NewYorkCity-12-Copy-1-640x480.png 400w,http:\/\/susannamalinowsky.at\/wp-content\/uploads\/2020\/10\/Vernissage_Amsterdam_Whitney_Gallery_NewYorkCity-12-Copy-1-640x480.png 2x\" data-envira-width=\"225\" data-envira-height=\"300\" srcset=\"data:image\/gif;base64,R0lGODlhAQABAIAAAP\/\/\/\/\/\/\/yH5BAEKAAEALAAAAAABAAEAAAICTAEAOw==\" data-safe-src=\"data:image\/gif;base64,R0lGODlhAQABAIAAAP\/\/\/\/\/\/\/yH5BAEKAAEALAAAAAABAAEAAAICTAEAOw==\" \/><\/a><\/div><\/div><\/div><\/div><noscript><img src=\"http:\/\/susannamalinowsky.at\/wp-content\/uploads\/2020\/10\/Expertise-WonderfulDream-2017-1.jpg\" alt=\"Kritik, Kunst, Palermo, Malinowsky, Bilder, Malen\" \/><img src=\"http:\/\/susannamalinowsky.at\/wp-content\/uploads\/2020\/10\/Sizilien-1-1.jpg\" alt=\"Kunstpreis, Kunst, Sizilien, Preis, Malinowsky, Bilder, Malen\" \/><img src=\"http:\/\/susannamalinowsky.at\/wp-content\/uploads\/2020\/10\/Sizilien-2-1.jpg\" alt=\"Kunstpreis, Kunst, Sizilien, Preis, Malinowsky, Bilder, Malen\" \/><img src=\"http:\/\/susannamalinowsky.at\/wp-content\/uploads\/2020\/10\/Sizilien-3-1.jpg\" alt=\"Kunstpreis, Kunst, Sizilien, Preis, Malinowsky, Bilder, Malen\" \/><img src=\"http:\/\/susannamalinowsky.at\/wp-content\/uploads\/2020\/10\/mit-Ruthie-Tucker-Direktor-und-Kurator-Amsterdam-Whitney-Gallery-1.png\" alt=\"Ausstellung, Vernissage, New York, Amerika, Bilder, Malen, Malinowsky\" \/><img src=\"http:\/\/susannamalinowsky.at\/wp-content\/uploads\/2020\/10\/Vernissage_Amsterdam_Whitney_Gallery_NewYorkCity-11-Copy-1.png\" alt=\"Ausstellung, Vernissage, New York, Amerika, Bilder, Malen, Malinowsky\" \/><img src=\"http:\/\/susannamalinowsky.at\/wp-content\/uploads\/2020\/10\/Vernissage_Amsterdam_Whitney_Gallery_NewYorkCity-12-Copy-1.png\" alt=\"Ausstellung, Vernissage, New York, Amerika, Bilder, Malen, Malinowsky\" \/><\/noscript>\n\n\n\n<hr class=\"wp-block-separator\"\/>\n\n\n\n<h2><strong>2016<\/strong><\/h2>\n\n\n\n<p><strong>Florenz:<\/strong>&nbsp;Verleihung<strong>&nbsp;&#8222;Leonardo da Vinci&#8220;<\/strong>&nbsp;Award , Palazzo Borghese, J\u00e4nner 2016<\/p>\n\n\n\n<p><strong>Venedig-Mira:<\/strong>&nbsp;Teilnahme an der Bienale Riviera del Brenta, Villa Valier, Italien April 2016; Verleihung<strong>&nbsp;&#8222;Canaletto price&#8220;<\/strong>, Italien, April 2016<\/p>\n\n\n\n<p><strong>Paris:<\/strong>&nbsp;Carrousel du Louvre, Kunstmesse &#8222;Salon Artshopping&#8220;, Mai 2016<\/p>\n\n\n\n<p><strong>Mailand:<\/strong>&nbsp;&#8222;Artexpo&#8220;, September 2016<\/p>\n\n\n\n<p><strong>Berlin:<\/strong>&nbsp;Galerie Marcia Frozen, Ausstellung &#8222;Time Machine&#8220;, Kurator Javier Ramirez, September 2016<\/p>\n\n\n\n<p><strong>Schloss Gurhof:<\/strong> Anl\u00e4sslich der &#8222;Tage des offenen Ateliers&#8220; Ausstellung im wundersch\u00f6nen Ambiente vom Schloss Gurhof mit f\u00fcnf lieben Kollegen, Oktober 2016<\/p>\n\n\n\n<p><strong>Loosdorf:<\/strong>&nbsp;Ausstellung f\u00fcr Neuer\u00f6ffnung &#8222;Alles im Leben ist Energie&#8220;, Oktober 2016<\/p>\n\n\n\n<p><strong>Wohlf\u00fchlf\u00f6rderzentrum Pielach:<\/strong>&nbsp;Ausstellung bei Frau Monika Wahringer, Oktober 2016 bis April 2017<\/p>\n\n\n\n<p><strong>Wien:<\/strong>&nbsp;Palais Sternberg, italienisches Kulturzentrum: Preisverleihung und Pr\u00e4sentation des Katalogs<strong>&nbsp;&#8222;THE BEST 2016 MODERN AND CONTEMPORARY ARTISTS&#8220;<\/strong>&nbsp;Kurator Salvatore Russo und Dott.Francesco Saverio Russo, mit meinem Bild &#8222;Blue Lady&#8220;.<\/p>\n\n\n\n<div id=\"envira-gallery-wrap-504\" class=\"envira-gallery-wrap envira-gallery-theme-base envira-lightbox-theme-base\" itemscope itemtype=\"https:\/\/schema.org\/ImageGallery\"><div data-row-height=\"150\" data-gallery-theme=\"normal\" id=\"envira-gallery-504\" class=\"envira-gallery-public envira-gallery-justified-public envira-gallery-0-columns envira-clear enviratope envira-gallery-css-animations\" data-envira-columns=\"0\"><div id=\"envira-gallery-item-505\" class=\"envira-gallery-item enviratope-item envira-gallery-item-1 envira-lazy-load\" style=\"padding-left: 5px; padding-bottom: 10px; padding-right: 5px;\"  itemscope itemtype=\"https:\/\/schema.org\/ImageObject\"><div class=\"envira-gallery-item-inner\"><div class=\"envira-gallery-position-overlay  envira-gallery-top-left\"><\/div><div class=\"envira-gallery-position-overlay  envira-gallery-top-right\"><\/div><div class=\"envira-gallery-position-overlay  envira-gallery-bottom-left\"><\/div><div class=\"envira-gallery-position-overlay  envira-gallery-bottom-right\"><\/div><a href=\"http:\/\/susannamalinowsky.at\/wp-content\/uploads\/2020\/10\/Kunstpreis-Wien-17-1.jpg\" class=\"envira-gallery-504 envira-gallery-link\" rel=\"enviragallery504\" title=\"Wien - Palais Sternberg - Preisverleihung\" data-envira-caption=\"Wien - Palais Sternberg - Preisverleihung\" data-envira-retina=\"\" data-thumbnail=\"\"  itemprop=\"contentUrl\"><img id=\"envira-gallery-image-505\" class=\"envira-gallery-image envira-gallery-image-1 envira-normal envira-lazy\" data-envira-index=\"1\" src=\"http:\/\/susannamalinowsky.at\/wp-content\/uploads\/2020\/10\/Kunstpreis-Wien-17-1-640x480.jpg\" data-envira-src=\"http:\/\/susannamalinowsky.at\/wp-content\/uploads\/2020\/10\/Kunstpreis-Wien-17-1-640x480.jpg\" data-envira-gallery-id=\"504\" data-envira-item-id=\"505\" data-envira-caption=\"Wien - Palais Sternberg - Preisverleihung\" alt=\"Kunstpreis, Kunst, Wien, Preis, Malinowsky, Bilder, Malen\" title=\"Wien - Palais Sternberg - Preisverleihung\"  itemprop=\"thumbnailUrl\" data-envira-srcset=\"http:\/\/susannamalinowsky.at\/wp-content\/uploads\/2020\/10\/Kunstpreis-Wien-17-1-640x480.jpg 400w,http:\/\/susannamalinowsky.at\/wp-content\/uploads\/2020\/10\/Kunstpreis-Wien-17-1-640x480.jpg 2x\" data-envira-width=\"300\" data-envira-height=\"169\" srcset=\"data:image\/gif;base64,R0lGODlhAQABAIAAAP\/\/\/\/\/\/\/yH5BAEKAAEALAAAAAABAAEAAAICTAEAOw==\" data-safe-src=\"data:image\/gif;base64,R0lGODlhAQABAIAAAP\/\/\/\/\/\/\/yH5BAEKAAEALAAAAAABAAEAAAICTAEAOw==\" \/><\/a><\/div><\/div><div id=\"envira-gallery-item-506\" class=\"envira-gallery-item enviratope-item envira-gallery-item-2 envira-lazy-load\" style=\"padding-left: 5px; padding-bottom: 10px; padding-right: 5px;\"  itemscope itemtype=\"https:\/\/schema.org\/ImageObject\"><div class=\"envira-gallery-item-inner\"><div class=\"envira-gallery-position-overlay  envira-gallery-top-left\"><\/div><div class=\"envira-gallery-position-overlay  envira-gallery-top-right\"><\/div><div class=\"envira-gallery-position-overlay  envira-gallery-bottom-left\"><\/div><div class=\"envira-gallery-position-overlay  envira-gallery-bottom-right\"><\/div><a href=\"http:\/\/susannamalinowsky.at\/wp-content\/uploads\/2020\/10\/Kunstpreis-Wien-2016-1-1.jpg\" class=\"envira-gallery-504 envira-gallery-link\" rel=\"enviragallery504\" title=\"Wien - Palais Sternberg - Preisverleihung\" data-envira-caption=\"Wien - Palais Sternberg - Preisverleihung\" data-envira-retina=\"\" data-thumbnail=\"\"  itemprop=\"contentUrl\"><img id=\"envira-gallery-image-506\" class=\"envira-gallery-image envira-gallery-image-2 envira-normal envira-lazy\" data-envira-index=\"2\" src=\"http:\/\/susannamalinowsky.at\/wp-content\/uploads\/2020\/10\/Kunstpreis-Wien-2016-1-1-640x480.jpg\" data-envira-src=\"http:\/\/susannamalinowsky.at\/wp-content\/uploads\/2020\/10\/Kunstpreis-Wien-2016-1-1-640x480.jpg\" data-envira-gallery-id=\"504\" data-envira-item-id=\"506\" data-envira-caption=\"Wien - Palais Sternberg - Preisverleihung\" alt=\"Kunstpreis, Kunst, Wien, Preis, Malinowsky, Bilder, Malen\" title=\"Wien - Palais Sternberg - Preisverleihung\"  itemprop=\"thumbnailUrl\" data-envira-srcset=\"http:\/\/susannamalinowsky.at\/wp-content\/uploads\/2020\/10\/Kunstpreis-Wien-2016-1-1-640x480.jpg 400w,http:\/\/susannamalinowsky.at\/wp-content\/uploads\/2020\/10\/Kunstpreis-Wien-2016-1-1-640x480.jpg 2x\" data-envira-width=\"212\" data-envira-height=\"300\" srcset=\"data:image\/gif;base64,R0lGODlhAQABAIAAAP\/\/\/\/\/\/\/yH5BAEKAAEALAAAAAABAAEAAAICTAEAOw==\" data-safe-src=\"data:image\/gif;base64,R0lGODlhAQABAIAAAP\/\/\/\/\/\/\/yH5BAEKAAEALAAAAAABAAEAAAICTAEAOw==\" \/><\/a><\/div><\/div><div id=\"envira-gallery-item-507\" class=\"envira-gallery-item enviratope-item envira-gallery-item-3 envira-lazy-load\" style=\"padding-left: 5px; padding-bottom: 10px; padding-right: 5px;\"  itemscope itemtype=\"https:\/\/schema.org\/ImageObject\"><div class=\"envira-gallery-item-inner\"><div class=\"envira-gallery-position-overlay  envira-gallery-top-left\"><\/div><div class=\"envira-gallery-position-overlay  envira-gallery-top-right\"><\/div><div class=\"envira-gallery-position-overlay  envira-gallery-bottom-left\"><\/div><div class=\"envira-gallery-position-overlay  envira-gallery-bottom-right\"><\/div><a href=\"http:\/\/susannamalinowsky.at\/wp-content\/uploads\/2020\/10\/Leonardo-da-Vinci-Award-2016-2-1.jpg\" class=\"envira-gallery-504 envira-gallery-link\" rel=\"enviragallery504\" title=\"&amp;quot;Leonardo da Vinci&amp;quot; Award , Palazzo Borghese - Venedig\" data-envira-caption=\"&amp;quot;Leonardo da Vinci&amp;quot; Award , Palazzo Borghese - Venedig\" data-envira-retina=\"\" data-thumbnail=\"\"  itemprop=\"contentUrl\"><img id=\"envira-gallery-image-507\" class=\"envira-gallery-image envira-gallery-image-3 envira-normal envira-lazy\" data-envira-index=\"3\" src=\"http:\/\/susannamalinowsky.at\/wp-content\/uploads\/2020\/10\/Leonardo-da-Vinci-Award-2016-2-1-640x480.jpg\" data-envira-src=\"http:\/\/susannamalinowsky.at\/wp-content\/uploads\/2020\/10\/Leonardo-da-Vinci-Award-2016-2-1-640x480.jpg\" data-envira-gallery-id=\"504\" data-envira-item-id=\"507\" data-envira-caption=\"&amp;quot;Leonardo da Vinci&amp;quot; Award , Palazzo Borghese - Venedig\" alt=\"Kunstpreis, Kunst, Italien, Venedig, Preis, Malinowsky, Bilder, Malen\" title=\"&quot;Leonardo da Vinci&quot; Award , Palazzo Borghese - Venedig\"  itemprop=\"thumbnailUrl\" data-envira-srcset=\"http:\/\/susannamalinowsky.at\/wp-content\/uploads\/2020\/10\/Leonardo-da-Vinci-Award-2016-2-1-640x480.jpg 400w,http:\/\/susannamalinowsky.at\/wp-content\/uploads\/2020\/10\/Leonardo-da-Vinci-Award-2016-2-1-640x480.jpg 2x\" data-envira-width=\"169\" data-envira-height=\"300\" srcset=\"data:image\/gif;base64,R0lGODlhAQABAIAAAP\/\/\/\/\/\/\/yH5BAEKAAEALAAAAAABAAEAAAICTAEAOw==\" data-safe-src=\"data:image\/gif;base64,R0lGODlhAQABAIAAAP\/\/\/\/\/\/\/yH5BAEKAAEALAAAAAABAAEAAAICTAEAOw==\" \/><\/a><\/div><\/div><div id=\"envira-gallery-item-508\" class=\"envira-gallery-item enviratope-item envira-gallery-item-4 envira-lazy-load\" style=\"padding-left: 5px; padding-bottom: 10px; padding-right: 5px;\"  itemscope itemtype=\"https:\/\/schema.org\/ImageObject\"><div class=\"envira-gallery-item-inner\"><div class=\"envira-gallery-position-overlay  envira-gallery-top-left\"><\/div><div class=\"envira-gallery-position-overlay  envira-gallery-top-right\"><\/div><div class=\"envira-gallery-position-overlay  envira-gallery-bottom-left\"><\/div><div class=\"envira-gallery-position-overlay  envira-gallery-bottom-right\"><\/div><a href=\"http:\/\/susannamalinowsky.at\/wp-content\/uploads\/2020\/10\/Leonardo-da-Vinci-Award-2016-1.jpg\" class=\"envira-gallery-504 envira-gallery-link\" rel=\"enviragallery504\" title=\"&amp;quot;Leonardo da Vinci&amp;quot; Award , Palazzo Borghese - Venedig\" data-envira-caption=\"&amp;quot;Leonardo da Vinci&amp;quot; Award , Palazzo Borghese - Venedig\" data-envira-retina=\"\" data-thumbnail=\"\"  itemprop=\"contentUrl\"><img id=\"envira-gallery-image-508\" class=\"envira-gallery-image envira-gallery-image-4 envira-normal envira-lazy\" data-envira-index=\"4\" src=\"http:\/\/susannamalinowsky.at\/wp-content\/uploads\/2020\/10\/Leonardo-da-Vinci-Award-2016-1-640x480.jpg\" data-envira-src=\"http:\/\/susannamalinowsky.at\/wp-content\/uploads\/2020\/10\/Leonardo-da-Vinci-Award-2016-1-640x480.jpg\" data-envira-gallery-id=\"504\" data-envira-item-id=\"508\" data-envira-caption=\"&amp;quot;Leonardo da Vinci&amp;quot; Award , Palazzo Borghese - Venedig\" alt=\"Kunstpreis, Kunst, Italien, Venedig, Preis, Malinowsky, Bilder, Malen\" title=\"&quot;Leonardo da Vinci&quot; Award , Palazzo Borghese - Venedig\"  itemprop=\"thumbnailUrl\" data-envira-srcset=\"http:\/\/susannamalinowsky.at\/wp-content\/uploads\/2020\/10\/Leonardo-da-Vinci-Award-2016-1-640x480.jpg 400w,http:\/\/susannamalinowsky.at\/wp-content\/uploads\/2020\/10\/Leonardo-da-Vinci-Award-2016-1-640x480.jpg 2x\" data-envira-width=\"169\" data-envira-height=\"300\" srcset=\"data:image\/gif;base64,R0lGODlhAQABAIAAAP\/\/\/\/\/\/\/yH5BAEKAAEALAAAAAABAAEAAAICTAEAOw==\" data-safe-src=\"data:image\/gif;base64,R0lGODlhAQABAIAAAP\/\/\/\/\/\/\/yH5BAEKAAEALAAAAAABAAEAAAICTAEAOw==\" \/><\/a><\/div><\/div><div id=\"envira-gallery-item-509\" class=\"envira-gallery-item enviratope-item envira-gallery-item-5 envira-lazy-load\" style=\"padding-left: 5px; padding-bottom: 10px; padding-right: 5px;\"  itemscope itemtype=\"https:\/\/schema.org\/ImageObject\"><div class=\"envira-gallery-item-inner\"><div class=\"envira-gallery-position-overlay  envira-gallery-top-left\"><\/div><div class=\"envira-gallery-position-overlay  envira-gallery-top-right\"><\/div><div class=\"envira-gallery-position-overlay  envira-gallery-bottom-left\"><\/div><div class=\"envira-gallery-position-overlay  envira-gallery-bottom-right\"><\/div><a href=\"http:\/\/susannamalinowsky.at\/wp-content\/uploads\/2020\/10\/Louvre-2016-2-klein-1.jpg\" class=\"envira-gallery-504 envira-gallery-link\" rel=\"enviragallery504\" title=\"Carrousel du Louvre - &amp;quot;Salon Artshopping&amp;quot;\" data-envira-caption=\"Carrousel du Louvre - &amp;quot;Salon Artshopping&amp;quot;\" data-envira-retina=\"\" data-thumbnail=\"\"  itemprop=\"contentUrl\"><img id=\"envira-gallery-image-509\" class=\"envira-gallery-image envira-gallery-image-5 envira-normal envira-lazy\" data-envira-index=\"5\" src=\"http:\/\/susannamalinowsky.at\/wp-content\/uploads\/2020\/10\/Louvre-2016-2-klein-1-640x480.jpg\" data-envira-src=\"http:\/\/susannamalinowsky.at\/wp-content\/uploads\/2020\/10\/Louvre-2016-2-klein-1-640x480.jpg\" data-envira-gallery-id=\"504\" data-envira-item-id=\"509\" data-envira-caption=\"Carrousel du Louvre - &amp;quot;Salon Artshopping&amp;quot;\" alt=\"Vernissage, Ausstellung, Bilder, Kunst, Malen, Paris, Louvre, Frankreich, Malinowsky\" title=\"Carrousel du Louvre - &quot;Salon Artshopping&quot;\"  itemprop=\"thumbnailUrl\" data-envira-srcset=\"http:\/\/susannamalinowsky.at\/wp-content\/uploads\/2020\/10\/Louvre-2016-2-klein-1-640x480.jpg 400w,http:\/\/susannamalinowsky.at\/wp-content\/uploads\/2020\/10\/Louvre-2016-2-klein-1-640x480.jpg 2x\" data-envira-width=\"300\" data-envira-height=\"189\" srcset=\"data:image\/gif;base64,R0lGODlhAQABAIAAAP\/\/\/\/\/\/\/yH5BAEKAAEALAAAAAABAAEAAAICTAEAOw==\" data-safe-src=\"data:image\/gif;base64,R0lGODlhAQABAIAAAP\/\/\/\/\/\/\/yH5BAEKAAEALAAAAAABAAEAAAICTAEAOw==\" \/><\/a><\/div><\/div><div id=\"envira-gallery-item-510\" class=\"envira-gallery-item enviratope-item envira-gallery-item-6 envira-lazy-load\" style=\"padding-left: 5px; padding-bottom: 10px; padding-right: 5px;\"  itemscope itemtype=\"https:\/\/schema.org\/ImageObject\"><div class=\"envira-gallery-item-inner\"><div class=\"envira-gallery-position-overlay  envira-gallery-top-left\"><\/div><div class=\"envira-gallery-position-overlay  envira-gallery-top-right\"><\/div><div class=\"envira-gallery-position-overlay  envira-gallery-bottom-left\"><\/div><div class=\"envira-gallery-position-overlay  envira-gallery-bottom-right\"><\/div><a href=\"http:\/\/susannamalinowsky.at\/wp-content\/uploads\/2020\/10\/Louvre-2016-klein-1-1.jpg\" class=\"envira-gallery-504 envira-gallery-link\" rel=\"enviragallery504\" title=\"Carrousel du Louvre - &amp;quot;Salon Artshopping&amp;quot;\" data-envira-caption=\"Carrousel du Louvre - &amp;quot;Salon Artshopping&amp;quot;\" data-envira-retina=\"\" data-thumbnail=\"\"  itemprop=\"contentUrl\"><img id=\"envira-gallery-image-510\" class=\"envira-gallery-image envira-gallery-image-6 envira-normal envira-lazy\" data-envira-index=\"6\" src=\"http:\/\/susannamalinowsky.at\/wp-content\/uploads\/2020\/10\/Louvre-2016-klein-1-1-640x480.jpg\" data-envira-src=\"http:\/\/susannamalinowsky.at\/wp-content\/uploads\/2020\/10\/Louvre-2016-klein-1-1-640x480.jpg\" data-envira-gallery-id=\"504\" data-envira-item-id=\"510\" data-envira-caption=\"Carrousel du Louvre - &amp;quot;Salon Artshopping&amp;quot;\" alt=\"Vernissage, Ausstellung, Bilder, Kunst, Malen, Paris, Louvre, Frankreich, Malinowsky\" title=\"Carrousel du Louvre - &quot;Salon Artshopping&quot;\"  itemprop=\"thumbnailUrl\" data-envira-srcset=\"http:\/\/susannamalinowsky.at\/wp-content\/uploads\/2020\/10\/Louvre-2016-klein-1-1-640x480.jpg 400w,http:\/\/susannamalinowsky.at\/wp-content\/uploads\/2020\/10\/Louvre-2016-klein-1-1-640x480.jpg 2x\" data-envira-width=\"300\" data-envira-height=\"187\" srcset=\"data:image\/gif;base64,R0lGODlhAQABAIAAAP\/\/\/\/\/\/\/yH5BAEKAAEALAAAAAABAAEAAAICTAEAOw==\" data-safe-src=\"data:image\/gif;base64,R0lGODlhAQABAIAAAP\/\/\/\/\/\/\/yH5BAEKAAEALAAAAAABAAEAAAICTAEAOw==\" \/><\/a><\/div><\/div><div id=\"envira-gallery-item-511\" class=\"envira-gallery-item enviratope-item envira-gallery-item-7 envira-lazy-load\" style=\"padding-left: 5px; padding-bottom: 10px; padding-right: 5px;\"  itemscope itemtype=\"https:\/\/schema.org\/ImageObject\"><div class=\"envira-gallery-item-inner\"><div class=\"envira-gallery-position-overlay  envira-gallery-top-left\"><\/div><div class=\"envira-gallery-position-overlay  envira-gallery-top-right\"><\/div><div class=\"envira-gallery-position-overlay  envira-gallery-bottom-left\"><\/div><div class=\"envira-gallery-position-overlay  envira-gallery-bottom-right\"><\/div><a href=\"http:\/\/susannamalinowsky.at\/wp-content\/uploads\/2020\/10\/Venedig-Mira-2016-klein-1.jpg\" class=\"envira-gallery-504 envira-gallery-link\" rel=\"enviragallery504\" title=\"Venedig-Mira - Verleihung &amp;quot;Canaletto price&amp;quot;\" data-envira-caption=\"Venedig-Mira - Verleihung &amp;quot;Canaletto price&amp;quot;\" data-envira-retina=\"\" data-thumbnail=\"\"  itemprop=\"contentUrl\"><img id=\"envira-gallery-image-511\" class=\"envira-gallery-image envira-gallery-image-7 envira-normal envira-lazy\" data-envira-index=\"7\" src=\"http:\/\/susannamalinowsky.at\/wp-content\/uploads\/2020\/10\/Venedig-Mira-2016-klein-1-640x480.jpg\" data-envira-src=\"http:\/\/susannamalinowsky.at\/wp-content\/uploads\/2020\/10\/Venedig-Mira-2016-klein-1-640x480.jpg\" data-envira-gallery-id=\"504\" data-envira-item-id=\"511\" data-envira-caption=\"Venedig-Mira - Verleihung &amp;quot;Canaletto price&amp;quot;\" alt=\"Kunstpreis, Kunst, Italien, Venedig, Preis, Malinowsky, Bilder, Malen\" title=\"Venedig-Mira - Verleihung &quot;Canaletto price&quot;\"  itemprop=\"thumbnailUrl\" data-envira-srcset=\"http:\/\/susannamalinowsky.at\/wp-content\/uploads\/2020\/10\/Venedig-Mira-2016-klein-1-640x480.jpg 400w,http:\/\/susannamalinowsky.at\/wp-content\/uploads\/2020\/10\/Venedig-Mira-2016-klein-1-640x480.jpg 2x\" data-envira-width=\"254\" data-envira-height=\"300\" srcset=\"data:image\/gif;base64,R0lGODlhAQABAIAAAP\/\/\/\/\/\/\/yH5BAEKAAEALAAAAAABAAEAAAICTAEAOw==\" data-safe-src=\"data:image\/gif;base64,R0lGODlhAQABAIAAAP\/\/\/\/\/\/\/yH5BAEKAAEALAAAAAABAAEAAAICTAEAOw==\" \/><\/a><\/div><\/div><div id=\"envira-gallery-item-512\" class=\"envira-gallery-item enviratope-item envira-gallery-item-8 envira-lazy-load\" style=\"padding-left: 5px; padding-bottom: 10px; padding-right: 5px;\"  itemscope itemtype=\"https:\/\/schema.org\/ImageObject\"><div class=\"envira-gallery-item-inner\"><div class=\"envira-gallery-position-overlay  envira-gallery-top-left\"><\/div><div class=\"envira-gallery-position-overlay  envira-gallery-top-right\"><\/div><div class=\"envira-gallery-position-overlay  envira-gallery-bottom-left\"><\/div><div class=\"envira-gallery-position-overlay  envira-gallery-bottom-right\"><\/div><a href=\"http:\/\/susannamalinowsky.at\/wp-content\/uploads\/2020\/10\/Venedig-Mira-zugeschnitten-1.jpg\" class=\"envira-gallery-504 envira-gallery-link\" rel=\"enviragallery504\" title=\"Venedig-Mira - Verleihung &amp;quot;Canaletto price&amp;quot;\" data-envira-caption=\"Venedig-Mira - Verleihung &amp;quot;Canaletto price&amp;quot;\" data-envira-retina=\"\" data-thumbnail=\"\"  itemprop=\"contentUrl\"><img id=\"envira-gallery-image-512\" class=\"envira-gallery-image envira-gallery-image-8 envira-normal envira-lazy\" data-envira-index=\"8\" src=\"http:\/\/susannamalinowsky.at\/wp-content\/uploads\/2020\/10\/Venedig-Mira-zugeschnitten-1-640x480.jpg\" data-envira-src=\"http:\/\/susannamalinowsky.at\/wp-content\/uploads\/2020\/10\/Venedig-Mira-zugeschnitten-1-640x480.jpg\" data-envira-gallery-id=\"504\" data-envira-item-id=\"512\" data-envira-caption=\"Venedig-Mira - Verleihung &amp;quot;Canaletto price&amp;quot;\" alt=\"Kunstpreis, Kunst, Italien, Venedig, Preis, Malinowsky, Bilder, Malen\" title=\"Venedig-Mira - Verleihung &quot;Canaletto price&quot;\"  itemprop=\"thumbnailUrl\" data-envira-srcset=\"http:\/\/susannamalinowsky.at\/wp-content\/uploads\/2020\/10\/Venedig-Mira-zugeschnitten-1-640x480.jpg 400w,http:\/\/susannamalinowsky.at\/wp-content\/uploads\/2020\/10\/Venedig-Mira-zugeschnitten-1-640x480.jpg 2x\" data-envira-width=\"258\" data-envira-height=\"300\" srcset=\"data:image\/gif;base64,R0lGODlhAQABAIAAAP\/\/\/\/\/\/\/yH5BAEKAAEALAAAAAABAAEAAAICTAEAOw==\" data-safe-src=\"data:image\/gif;base64,R0lGODlhAQABAIAAAP\/\/\/\/\/\/\/yH5BAEKAAEALAAAAAABAAEAAAICTAEAOw==\" \/><\/a><\/div><\/div><\/div><\/div><noscript><img src=\"http:\/\/susannamalinowsky.at\/wp-content\/uploads\/2020\/10\/Kunstpreis-Wien-17-1.jpg\" alt=\"Kunstpreis, Kunst, Wien, Preis, Malinowsky, Bilder, Malen\" \/><img src=\"http:\/\/susannamalinowsky.at\/wp-content\/uploads\/2020\/10\/Kunstpreis-Wien-2016-1-1.jpg\" alt=\"Kunstpreis, Kunst, Wien, Preis, Malinowsky, Bilder, Malen\" \/><img src=\"http:\/\/susannamalinowsky.at\/wp-content\/uploads\/2020\/10\/Leonardo-da-Vinci-Award-2016-2-1.jpg\" alt=\"Kunstpreis, Kunst, Italien, Venedig, Preis, Malinowsky, Bilder, Malen\" \/><img src=\"http:\/\/susannamalinowsky.at\/wp-content\/uploads\/2020\/10\/Leonardo-da-Vinci-Award-2016-1.jpg\" alt=\"Kunstpreis, Kunst, Italien, Venedig, Preis, Malinowsky, Bilder, Malen\" \/><img src=\"http:\/\/susannamalinowsky.at\/wp-content\/uploads\/2020\/10\/Louvre-2016-2-klein-1.jpg\" alt=\"Vernissage, Ausstellung, Bilder, Kunst, Malen, Paris, Louvre, Frankreich, Malinowsky\" \/><img src=\"http:\/\/susannamalinowsky.at\/wp-content\/uploads\/2020\/10\/Louvre-2016-klein-1-1.jpg\" alt=\"Vernissage, Ausstellung, Bilder, Kunst, Malen, Paris, Louvre, Frankreich, Malinowsky\" \/><img src=\"http:\/\/susannamalinowsky.at\/wp-content\/uploads\/2020\/10\/Venedig-Mira-2016-klein-1.jpg\" alt=\"Kunstpreis, Kunst, Italien, Venedig, Preis, Malinowsky, Bilder, Malen\" \/><img src=\"http:\/\/susannamalinowsky.at\/wp-content\/uploads\/2020\/10\/Venedig-Mira-zugeschnitten-1.jpg\" alt=\"Kunstpreis, Kunst, Italien, Venedig, Preis, Malinowsky, Bilder, Malen\" \/><\/noscript>\n\n\n\n<hr class=\"wp-block-separator\"\/>\n\n\n\n<h2><strong>2015<\/strong><\/h2>\n\n\n\n<p><strong>Budapest:<\/strong>&nbsp;erste Ausstellung in Ungarn, Titok Gallery\/Secret Gallery, Thema&nbsp;&#8222;Inkognito&#8220;,&nbsp;Juni 2015<\/p>\n\n\n\n<p><strong>Budapest:<\/strong>&nbsp;zweite Ausstellung in Ungarn, Titok Gallery\/Secret Gallery, Thema &#8222;Erotik-Strakt&#8220;, September 2015&nbsp;<\/p>\n\n\n\n<p><strong>Paris:<\/strong>&nbsp;Carrousel du Louvre, Kunstmesse &#8222;Salon Artshopping&#8220;, Oktober&nbsp;2015&nbsp;<\/p>\n\n\n\n<p><strong>St.P\u00f6lten:<\/strong>&nbsp;Ausstellung im Musikcafe EGON, November 2015<\/p>\n\n\n\n<div id=\"envira-gallery-wrap-499\" class=\"envira-gallery-wrap envira-gallery-theme-base envira-lightbox-theme-base\" itemscope itemtype=\"https:\/\/schema.org\/ImageGallery\"><div data-row-height=\"150\" data-gallery-theme=\"normal\" id=\"envira-gallery-499\" class=\"envira-gallery-public envira-gallery-justified-public envira-gallery-0-columns envira-clear enviratope envira-gallery-css-animations\" data-envira-columns=\"0\"><div id=\"envira-gallery-item-500\" class=\"envira-gallery-item enviratope-item envira-gallery-item-1 envira-lazy-load\" style=\"padding-left: 5px; padding-bottom: 10px; padding-right: 5px;\"  itemscope itemtype=\"https:\/\/schema.org\/ImageObject\"><div class=\"envira-gallery-item-inner\"><div class=\"envira-gallery-position-overlay  envira-gallery-top-left\"><\/div><div class=\"envira-gallery-position-overlay  envira-gallery-top-right\"><\/div><div class=\"envira-gallery-position-overlay  envira-gallery-bottom-left\"><\/div><div class=\"envira-gallery-position-overlay  envira-gallery-bottom-right\"><\/div><a href=\"http:\/\/susannamalinowsky.at\/wp-content\/uploads\/2020\/10\/Budapest-2015-1-1.jpg\" class=\"envira-gallery-499 envira-gallery-link\" rel=\"enviragallery499\" title=\"Budapest - Thema &amp;quot;Erotik-Strakt&amp;quot;\" data-envira-caption=\"Budapest - Thema &amp;quot;Erotik-Strakt&amp;quot;\" data-envira-retina=\"\" data-thumbnail=\"\"  itemprop=\"contentUrl\"><img id=\"envira-gallery-image-500\" class=\"envira-gallery-image envira-gallery-image-1 envira-normal envira-lazy\" data-envira-index=\"1\" src=\"http:\/\/susannamalinowsky.at\/wp-content\/uploads\/2020\/10\/Budapest-2015-1-1-640x480.jpg\" data-envira-src=\"http:\/\/susannamalinowsky.at\/wp-content\/uploads\/2020\/10\/Budapest-2015-1-1-640x480.jpg\" data-envira-gallery-id=\"499\" data-envira-item-id=\"500\" data-envira-caption=\"Budapest - Thema &amp;quot;Erotik-Strakt&amp;quot;\" alt=\"Ausstellung, Vernissage, Budapest, Bilder, Malen\" title=\"Budapest - Thema &quot;Erotik-Strakt&quot;\"  itemprop=\"thumbnailUrl\" data-envira-srcset=\"http:\/\/susannamalinowsky.at\/wp-content\/uploads\/2020\/10\/Budapest-2015-1-1-640x480.jpg 400w,http:\/\/susannamalinowsky.at\/wp-content\/uploads\/2020\/10\/Budapest-2015-1-1-640x480.jpg 2x\" data-envira-width=\"200\" data-envira-height=\"300\" srcset=\"data:image\/gif;base64,R0lGODlhAQABAIAAAP\/\/\/\/\/\/\/yH5BAEKAAEALAAAAAABAAEAAAICTAEAOw==\" data-safe-src=\"data:image\/gif;base64,R0lGODlhAQABAIAAAP\/\/\/\/\/\/\/yH5BAEKAAEALAAAAAABAAEAAAICTAEAOw==\" \/><\/a><\/div><\/div><div id=\"envira-gallery-item-501\" class=\"envira-gallery-item enviratope-item envira-gallery-item-2 envira-lazy-load\" style=\"padding-left: 5px; padding-bottom: 10px; padding-right: 5px;\"  itemscope itemtype=\"https:\/\/schema.org\/ImageObject\"><div class=\"envira-gallery-item-inner\"><div class=\"envira-gallery-position-overlay  envira-gallery-top-left\"><\/div><div class=\"envira-gallery-position-overlay  envira-gallery-top-right\"><\/div><div class=\"envira-gallery-position-overlay  envira-gallery-bottom-left\"><\/div><div class=\"envira-gallery-position-overlay  envira-gallery-bottom-right\"><\/div><a href=\"http:\/\/susannamalinowsky.at\/wp-content\/uploads\/2020\/10\/Louvre-2015-1-1.jpg\" class=\"envira-gallery-499 envira-gallery-link\" rel=\"enviragallery499\" title=\"Carrousel du Louvre - &amp;quot;Salon Artshopping&amp;quot;\" data-envira-caption=\"Carrousel du Louvre - &amp;quot;Salon Artshopping&amp;quot;\" data-envira-retina=\"\" data-thumbnail=\"\"  itemprop=\"contentUrl\"><img id=\"envira-gallery-image-501\" class=\"envira-gallery-image envira-gallery-image-2 envira-normal envira-lazy\" data-envira-index=\"2\" src=\"http:\/\/susannamalinowsky.at\/wp-content\/uploads\/2020\/10\/Louvre-2015-1-1-640x480.jpg\" data-envira-src=\"http:\/\/susannamalinowsky.at\/wp-content\/uploads\/2020\/10\/Louvre-2015-1-1-640x480.jpg\" data-envira-gallery-id=\"499\" data-envira-item-id=\"501\" data-envira-caption=\"Carrousel du Louvre - &amp;quot;Salon Artshopping&amp;quot;\" alt=\"Paris, Louvre, Ausstellung, Vernissage, Bilder, Malen\" title=\"Carrousel du Louvre - &quot;Salon Artshopping&quot;\"  itemprop=\"thumbnailUrl\" data-envira-srcset=\"http:\/\/susannamalinowsky.at\/wp-content\/uploads\/2020\/10\/Louvre-2015-1-1-640x480.jpg 400w,http:\/\/susannamalinowsky.at\/wp-content\/uploads\/2020\/10\/Louvre-2015-1-1-640x480.jpg 2x\" data-envira-width=\"225\" data-envira-height=\"300\" srcset=\"data:image\/gif;base64,R0lGODlhAQABAIAAAP\/\/\/\/\/\/\/yH5BAEKAAEALAAAAAABAAEAAAICTAEAOw==\" data-safe-src=\"data:image\/gif;base64,R0lGODlhAQABAIAAAP\/\/\/\/\/\/\/yH5BAEKAAEALAAAAAABAAEAAAICTAEAOw==\" \/><\/a><\/div><\/div><\/div><\/div><noscript><img src=\"http:\/\/susannamalinowsky.at\/wp-content\/uploads\/2020\/10\/Budapest-2015-1-1.jpg\" alt=\"Ausstellung, Vernissage, Budapest, Bilder, Malen\" \/><img src=\"http:\/\/susannamalinowsky.at\/wp-content\/uploads\/2020\/10\/Louvre-2015-1-1.jpg\" alt=\"Paris, Louvre, Ausstellung, Vernissage, Bilder, Malen\" \/><\/noscript>\n\n\n\n<hr class=\"wp-block-separator\"\/>\n\n\n\n<h2><strong>2014<\/strong><\/h2>\n\n\n\n<p>Teilnahme an den \u201eN\u00d6 Tagen des offenen Ateliers&#8220;, Oktober 2014<\/p>\n\n\n\n<h2><strong>2013<\/strong><\/h2>\n\n\n\n<p><strong>St.P\u00f6lten:<\/strong>&nbsp;Ausstellung einiger meiner Bilder im Restaurant &#8222;Villa&#8220;, Dezember 2013<\/p>\n\n\n\n<h2><strong>2012<\/strong><\/h2>\n\n\n\n<p><strong>Neuhofen:<\/strong> Teilnahme an den \u201eN\u00d6 Tagen des offenen Ateliers&#8220;, Oktober 2012<\/p>\n\n\n\n<p><strong>St.P\u00f6lten:<\/strong>&nbsp;Austellung Schloss Viehofen, November 2012<\/p>\n\n\n\n<h2><strong>2011<\/strong><\/h2>\n\n\n\n<p><strong>Pielachtal:<\/strong>&nbsp;Ausstellung in der Galerie Rabenstein, Juni 2011<br><br><strong>Krems:<\/strong>&nbsp;Ausstellung im Bierpub Piano, September 2011<br><br><strong>Dunkelsteinerwald:<\/strong> Teilnahme am Kulturwochenende der Gemeinde Dunkelsteinerwald, September 2011<\/p>\n\n\n\n<p><strong>Neuhofen:<\/strong> Teilnahme an den \u201eN\u00d6 Tagen des offenen Ateliers&#8220; , Oktober 2011<\/p>\n\n\n\n<h2><strong>2010<\/strong><\/h2>\n\n\n\n<p><strong>St.P\u00f6lten:<\/strong>&nbsp;Vernissage im Business- und Innovationszentrum (BIZ), September 2010<\/p>\n\n\n\n<p><strong>Neuhofen:<\/strong> Teilnahme an den \u201eN\u00d6 Tagen der offenen Ateliers\u201c, Oktober 2010<\/p>\n\n\n\n<h2><strong>2009<\/strong><\/h2>\n\n\n\n<p><strong>St.P\u00f6lten:<\/strong>&nbsp;Ausstellung im Musikcafe EGON, Dezember 2009<\/p>\n\n\n\n<h2><strong>2008<\/strong><\/h2>\n\n\n\n<p><strong>Wien:<\/strong>&nbsp;Vernissage anl\u00e4sslich einer Jubil\u00e4umsfeier der K\u00fcnstleragentur AMT, Juni 2008<\/p>\n\n\n\n<p><strong>St.P\u00f6lten:<\/strong>&nbsp;Ausstellung im Musikcafe EGON, Dezember 2008<\/p>\n\n\n\n<p><strong>Musik-Kulturwandertag Mauer<\/strong>: Ausstellung einiger Bilder, April 2008<\/p>\n\n\n\n<p><strong>Kamptal:<\/strong>&nbsp;Ausstellung beim Heurigen Burgstaller in Z\u00f6bing, November 2008<\/p>\n\n\n\n<p><strong>St.P\u00f6lten:<\/strong>&nbsp;Ausstellung im Musikcafe EGON, Dezember 2008<\/p>\n\n\n\n<div id=\"envira-gallery-wrap-495\" class=\"envira-gallery-wrap envira-gallery-theme-base envira-lightbox-theme-base\" itemscope itemtype=\"https:\/\/schema.org\/ImageGallery\"><div data-row-height=\"150\" data-gallery-theme=\"normal\" id=\"envira-gallery-495\" class=\"envira-gallery-public envira-gallery-justified-public envira-gallery-0-columns envira-clear enviratope envira-gallery-css-animations\" data-envira-columns=\"0\"><div id=\"envira-gallery-item-576\" class=\"envira-gallery-item enviratope-item envira-gallery-item-1 envira-lazy-load\" style=\"padding-left: 5px; padding-bottom: 10px; padding-right: 5px;\"  itemscope itemtype=\"https:\/\/schema.org\/ImageObject\"><div class=\"envira-gallery-item-inner\"><div class=\"envira-gallery-position-overlay  envira-gallery-top-left\"><\/div><div class=\"envira-gallery-position-overlay  envira-gallery-top-right\"><\/div><div class=\"envira-gallery-position-overlay  envira-gallery-bottom-left\"><\/div><div class=\"envira-gallery-position-overlay  envira-gallery-bottom-right\"><\/div><a href=\"http:\/\/susannamalinowsky.at\/wp-content\/uploads\/2020\/10\/1.Vernissage-2007-AMT-3-3.jpg\" class=\"envira-gallery-495 envira-gallery-link\" rel=\"enviragallery495\" title=\"Erste Vernissage in der Agentur AMT, Wien\" data-envira-caption=\"Erste Vernissage in der Agentur AMT, Wien\" data-envira-retina=\"\" data-thumbnail=\"\"  itemprop=\"contentUrl\"><img id=\"envira-gallery-image-576\" class=\"envira-gallery-image envira-gallery-image-1 envira-normal envira-lazy\" data-envira-index=\"1\" src=\"http:\/\/susannamalinowsky.at\/wp-content\/uploads\/2020\/10\/1.Vernissage-2007-AMT-3-3-640x480.jpg\" data-envira-src=\"http:\/\/susannamalinowsky.at\/wp-content\/uploads\/2020\/10\/1.Vernissage-2007-AMT-3-3-640x480.jpg\" data-envira-gallery-id=\"495\" data-envira-item-id=\"576\" data-envira-caption=\"Erste Vernissage in der Agentur AMT, Wien\" alt=\"Vernissage, Agentur AMT, Wien\" title=\"Erste Vernissage in der Agentur AMT, Wien\"  itemprop=\"thumbnailUrl\" data-envira-srcset=\"http:\/\/susannamalinowsky.at\/wp-content\/uploads\/2020\/10\/1.Vernissage-2007-AMT-3-3-640x480.jpg 400w,http:\/\/susannamalinowsky.at\/wp-content\/uploads\/2020\/10\/1.Vernissage-2007-AMT-3-3-640x480.jpg 2x\" data-envira-width=\"300\" data-envira-height=\"220\" srcset=\"data:image\/gif;base64,R0lGODlhAQABAIAAAP\/\/\/\/\/\/\/yH5BAEKAAEALAAAAAABAAEAAAICTAEAOw==\" data-safe-src=\"data:image\/gif;base64,R0lGODlhAQABAIAAAP\/\/\/\/\/\/\/yH5BAEKAAEALAAAAAABAAEAAAICTAEAOw==\" \/><\/a><\/div><\/div><\/div><\/div><noscript><img src=\"http:\/\/susannamalinowsky.at\/wp-content\/uploads\/2020\/10\/1.Vernissage-2007-AMT-3-3.jpg\" alt=\"Vernissage, Agentur AMT, Wien\" \/><\/noscript>\n","protected":false},"excerpt":{"rendered":"<p>2026 Gallerie PUBLICARTISTS Mahlerstra\u00dfe 11 Ausstellung Thema RED Februar 2026 mit Dailysage am 7.2. mit sehr vielen und lieben Besuchern. 2025 K&amp;K Restaurant in St.P\u00f6lten, Ausstellung einiger Drucke im gem\u00fctlichen Lokal, Dez. 25 und J\u00e4nner 26 &#8222;Adventkl\u00e4nge&#8220; Musikverein Mauer, gem\u00fctlicher Nov.2025 Tage der Kunst: 2.August 2025 18:00 Vernissage Schloss Albrechtsberg an der Pielach Samstag 18.Oktober &hellip; <\/p>\n","protected":false},"author":1,"featured_media":0,"parent":0,"menu_order":0,"comment_status":"closed","ping_status":"closed","template":"","meta":[],"_links":{"self":[{"href":"http:\/\/susannamalinowsky.at\/index.php?rest_route=\/wp\/v2\/pages\/41"}],"collection":[{"href":"http:\/\/susannamalinowsky.at\/index.php?rest_route=\/wp\/v2\/pages"}],"about":[{"href":"http:\/\/susannamalinowsky.at\/index.php?rest_route=\/wp\/v2\/types\/page"}],"author":[{"embeddable":true,"href":"http:\/\/susannamalinowsky.at\/index.php?rest_route=\/wp\/v2\/users\/1"}],"replies":[{"embeddable":true,"href":"http:\/\/susannamalinowsky.at\/index.php?rest_route=%2Fwp%2Fv2%2Fcomments&post=41"}],"version-history":[{"count":48,"href":"http:\/\/susannamalinowsky.at\/index.php?rest_route=\/wp\/v2\/pages\/41\/revisions"}],"predecessor-version":[{"id":815,"href":"http:\/\/susannamalinowsky.at\/index.php?rest_route=\/wp\/v2\/pages\/41\/revisions\/815"}],"wp:attachment":[{"href":"http:\/\/susannamalinowsky.at\/index.php?rest_route=%2Fwp%2Fv2%2Fmedia&parent=41"}],"curies":[{"name":"wp","href":"https:\/\/api.w.org\/{rel}","templated":true}]}}